{"id":14,"date":"2020-03-13T08:00:24","date_gmt":"2020-03-13T08:00:24","guid":{"rendered":"https:\/\/demo.creativethemes.com\/blocksy\/modern-shop\/?page_id=14"},"modified":"2025-09-16T13:37:02","modified_gmt":"2025-09-16T16:37:02","slug":"home","status":"publish","type":"page","link":"https:\/\/editoraarsregia.com\/","title":{"rendered":"Home"},"content":{"rendered":"\t\t<div data-elementor-type=\"wp-page\" data-elementor-id=\"14\" class=\"elementor elementor-14\">\n\t\t\t\t\t\t<section class=\"elementor-section elementor-top-section elementor-element elementor-element-f3bca7a ct-section-stretched elementor-section-boxed elementor-section-height-default elementor-section-height-default\" data-id=\"f3bca7a\" data-element_type=\"section\" data-e-type=\"section\" data-settings=\"{&quot;background_background&quot;:&quot;classic&quot;}\">\n\t\t\t\t\t\t<div class=\"elementor-container elementor-column-gap-default\">\n\t\t\t\t\t<div class=\"elementor-column elementor-col-100 elementor-top-column elementor-element elementor-element-d488981\" data-id=\"d488981\" data-element_type=\"column\" data-e-type=\"column\">\n\t\t\t<div class=\"elementor-widget-wrap elementor-element-populated\">\n\t\t\t\t\t\t<div class=\"elementor-element elementor-element-08a025b elementor-widget elementor-widget-heading\" data-id=\"08a025b\" data-element_type=\"widget\" data-e-type=\"widget\" data-widget_type=\"heading.default\">\n\t\t\t\t<div class=\"elementor-widget-container\">\n\t\t\t\t\t<h2 class=\"elementor-heading-title elementor-size-default\">Editora ARS REGIA<\/h2>\t\t\t\t<\/div>\n\t\t\t\t<\/div>\n\t\t\t\t<div class=\"elementor-element elementor-element-ce3e13c elementor-widget elementor-widget-text-editor\" data-id=\"ce3e13c\" data-element_type=\"widget\" data-e-type=\"widget\" data-widget_type=\"text-editor.default\">\n\t\t\t\t<div class=\"elementor-widget-container\">\n\t\t\t\t\t\t\t\t\t<p><span style=\"text-overflow: unset;\">Editora especializada na publica\u00e7\u00e3o de obras dissidentes.<\/span><\/p>\t\t\t\t\t\t\t\t<\/div>\n\t\t\t\t<\/div>\n\t\t\t\t<div class=\"elementor-element elementor-element-49c8ef5 elementor-tablet-align-center elementor-widget elementor-widget-button\" data-id=\"49c8ef5\" data-element_type=\"widget\" data-e-type=\"widget\" data-widget_type=\"button.default\">\n\t\t\t\t<div class=\"elementor-widget-container\">\n\t\t\t\t\t\t\t\t\t<div class=\"elementor-button-wrapper\">\n\t\t\t\t\t<a class=\"elementor-button elementor-button-link elementor-size-lg\" href=\"\/?page_id=342\">\n\t\t\t\t\t\t<span class=\"elementor-button-content-wrapper\">\n\t\t\t\t\t\t\t\t\t<span class=\"elementor-button-text\">Ver obras<\/span>\n\t\t\t\t\t<\/span>\n\t\t\t\t\t<\/a>\n\t\t\t\t<\/div>\n\t\t\t\t\t\t\t\t<\/div>\n\t\t\t\t<\/div>\n\t\t\t\t\t<\/div>\n\t\t<\/div>\n\t\t\t\t\t<\/div>\n\t\t<\/section>\n\t\t\t\t<section class=\"elementor-section elementor-top-section elementor-element elementor-element-94b8c84 elementor-section-boxed elementor-section-height-default elementor-section-height-default\" data-id=\"94b8c84\" data-element_type=\"section\" data-e-type=\"section\">\n\t\t\t\t\t\t<div class=\"elementor-container elementor-column-gap-no\">\n\t\t\t\t\t<div class=\"elementor-column elementor-col-100 elementor-top-column elementor-element elementor-element-6557c35\" data-id=\"6557c35\" data-element_type=\"column\" data-e-type=\"column\">\n\t\t\t<div class=\"elementor-widget-wrap elementor-element-populated\">\n\t\t\t\t\t\t<div class=\"elementor-element elementor-element-3023dd5 elementor-widget elementor-widget-heading\" data-id=\"3023dd5\" data-element_type=\"widget\" data-e-type=\"widget\" data-widget_type=\"heading.default\">\n\t\t\t\t<div class=\"elementor-widget-container\">\n\t\t\t\t\t<h2 class=\"elementor-heading-title elementor-size-default\">Autores<\/h2>\t\t\t\t<\/div>\n\t\t\t\t<\/div>\n\t\t\t\t<div class=\"elementor-element elementor-element-5d8170a elementor-widget elementor-widget-text-editor\" data-id=\"5d8170a\" data-element_type=\"widget\" data-e-type=\"widget\" data-widget_type=\"text-editor.default\">\n\t\t\t\t<div class=\"elementor-widget-container\">\n\t\t\t\t\t\t\t\t\t<p>Autores publicados pela editora.<\/p>\t\t\t\t\t\t\t\t<\/div>\n\t\t\t\t<\/div>\n\t\t\t\t\t<\/div>\n\t\t<\/div>\n\t\t\t\t\t<\/div>\n\t\t<\/section>\n\t\t\t\t<section class=\"elementor-section elementor-top-section elementor-element elementor-element-d9726af ct-section-stretched elementor-section-boxed elementor-section-height-default elementor-section-height-default\" data-id=\"d9726af\" data-element_type=\"section\" data-e-type=\"section\">\n\t\t\t\t\t\t<div class=\"elementor-container elementor-column-gap-extended\">\n\t\t\t\t\t<div class=\"elementor-column elementor-col-33 elementor-top-column elementor-element elementor-element-c31ae4f\" data-id=\"c31ae4f\" data-element_type=\"column\" data-e-type=\"column\" data-settings=\"{&quot;background_background&quot;:&quot;classic&quot;}\">\n\t\t\t<div class=\"elementor-widget-wrap elementor-element-populated\">\n\t\t\t\t\t<div class=\"elementor-background-overlay\"><\/div>\n\t\t\t\t\t\t<div class=\"elementor-element elementor-element-d124994 elementor-widget elementor-widget-spacer\" data-id=\"d124994\" data-element_type=\"widget\" data-e-type=\"widget\" data-widget_type=\"spacer.default\">\n\t\t\t\t<div class=\"elementor-widget-container\">\n\t\t\t\t\t\t\t<div class=\"elementor-spacer\">\n\t\t\t<div class=\"elementor-spacer-inner\"><\/div>\n\t\t<\/div>\n\t\t\t\t\t\t<\/div>\n\t\t\t\t<\/div>\n\t\t\t\t<div class=\"elementor-element elementor-element-1d72d6a elementor-widget elementor-widget-heading\" data-id=\"1d72d6a\" data-element_type=\"widget\" data-e-type=\"widget\" data-widget_type=\"heading.default\">\n\t\t\t\t<div class=\"elementor-widget-container\">\n\t\t\t\t\t<h5 class=\"elementor-heading-title elementor-size-default\"><a href=\"#\">Alexander Dugin<\/a><\/h5>\t\t\t\t<\/div>\n\t\t\t\t<\/div>\n\t\t\t\t<div class=\"elementor-element elementor-element-76923cb elementor-widget elementor-widget-text-editor\" data-id=\"76923cb\" data-element_type=\"widget\" data-e-type=\"widget\" data-widget_type=\"text-editor.default\">\n\t\t\t\t<div class=\"elementor-widget-container\">\n\t\t\t\t\t\t\t\t\t<p>ALEXANDER GELYEVICH DUGIN \u00e9 um fil\u00f3sofo, soci\u00f3logo, polit\u00f3logo e geopolit\u00f3logo russo, principal figura do neoeurasianismo. Com mais de 70 obras publicadas e fluente em pelo menos 7 idiomas, as obras de Dugin sobre geopol\u00edtica s\u00e3o parte do curr\u00edculo das academias militares russas e ele tem sido chamado no Ocidente de \u201co Rasputin de Putin\u201d. Muito mais importante \u00e9 o fato de ele ser original e ousado em suas reflex\u00f5es, raz\u00e3o pela qual ele \u00e9, hoje, o fil\u00f3sofo mais censurado do hemisf\u00e9rio ocidental, sendo chamado pela m\u00eddia estadunidense de \u201co fil\u00f3sofo mais perigoso do mundo\u201d.<\/p>\t\t\t\t\t\t\t\t<\/div>\n\t\t\t\t<\/div>\n\t\t\t\t\t<\/div>\n\t\t<\/div>\n\t\t\t\t<div class=\"elementor-column elementor-col-33 elementor-top-column elementor-element elementor-element-95237a8\" data-id=\"95237a8\" data-element_type=\"column\" data-e-type=\"column\" data-settings=\"{&quot;background_background&quot;:&quot;classic&quot;}\">\n\t\t\t<div class=\"elementor-widget-wrap elementor-element-populated\">\n\t\t\t\t\t<div class=\"elementor-background-overlay\"><\/div>\n\t\t\t\t\t\t<div class=\"elementor-element elementor-element-7a37d02 elementor-widget elementor-widget-spacer\" data-id=\"7a37d02\" data-element_type=\"widget\" data-e-type=\"widget\" data-widget_type=\"spacer.default\">\n\t\t\t\t<div class=\"elementor-widget-container\">\n\t\t\t\t\t\t\t<div class=\"elementor-spacer\">\n\t\t\t<div class=\"elementor-spacer-inner\"><\/div>\n\t\t<\/div>\n\t\t\t\t\t\t<\/div>\n\t\t\t\t<\/div>\n\t\t\t\t<div class=\"elementor-element elementor-element-67cd150 elementor-widget elementor-widget-heading\" data-id=\"67cd150\" data-element_type=\"widget\" data-e-type=\"widget\" data-widget_type=\"heading.default\">\n\t\t\t\t<div class=\"elementor-widget-container\">\n\t\t\t\t\t<h5 class=\"elementor-heading-title elementor-size-default\"><a href=\"#\">Diego Fusaro<\/a><\/h5>\t\t\t\t<\/div>\n\t\t\t\t<\/div>\n\t\t\t\t<div class=\"elementor-element elementor-element-fb8213c elementor-widget elementor-widget-text-editor\" data-id=\"fb8213c\" data-element_type=\"widget\" data-e-type=\"widget\" data-widget_type=\"text-editor.default\">\n\t\t\t\t<div class=\"elementor-widget-container\">\n\t\t\t\t\t\t\t\t\t<p>DIEGO FUSARO \u00e9 fil\u00f3sofo e escritor, professor de Hist\u00f3ria da Filosofia e diretor cient\u00edfico no Instituto de Altos Estudos Estrat\u00e9gicos e Pol\u00edticos de Mil\u00e3o, editorialista de peri\u00f3dicos como \u201cLa Stampa\u201d e \u201cIl Fatto Quotidiano\u201d, al\u00e9m de colaborador ocasional do \u201cIl Primato Nazionale\u201d entre outros, sendo tamb\u00e9m fundador do partido Ancora Italia. Fusaro \u00e9 um intelectual inconformista, herdeiro filos\u00f3fico independente de Marx, Gramsci, Gentile e Hegel. Bastante ligado ao estudo e desenvolvimento do idealismo alem\u00e3o, Fusaro \u00e9 um profundo cr\u00edtico do sistema liberal- capitalista, especialmente em sua face atual, globalista e p\u00f3s-moderna, \u00e0 qual ele op\u00f5e uma tradi\u00e7\u00e3o comunitarista e soberanista.<\/p>\t\t\t\t\t\t\t\t<\/div>\n\t\t\t\t<\/div>\n\t\t\t\t\t<\/div>\n\t\t<\/div>\n\t\t\t\t<div class=\"elementor-column elementor-col-33 elementor-top-column elementor-element elementor-element-04c68f9\" data-id=\"04c68f9\" data-element_type=\"column\" data-e-type=\"column\" data-settings=\"{&quot;background_background&quot;:&quot;classic&quot;}\">\n\t\t\t<div class=\"elementor-widget-wrap elementor-element-populated\">\n\t\t\t\t\t<div class=\"elementor-background-overlay\"><\/div>\n\t\t\t\t\t\t<div class=\"elementor-element elementor-element-63ec613 elementor-widget elementor-widget-spacer\" data-id=\"63ec613\" data-element_type=\"widget\" data-e-type=\"widget\" data-widget_type=\"spacer.default\">\n\t\t\t\t<div class=\"elementor-widget-container\">\n\t\t\t\t\t\t\t<div class=\"elementor-spacer\">\n\t\t\t<div class=\"elementor-spacer-inner\"><\/div>\n\t\t<\/div>\n\t\t\t\t\t\t<\/div>\n\t\t\t\t<\/div>\n\t\t\t\t<div class=\"elementor-element elementor-element-7876f9f elementor-widget elementor-widget-heading\" data-id=\"7876f9f\" data-element_type=\"widget\" data-e-type=\"widget\" data-widget_type=\"heading.default\">\n\t\t\t\t<div class=\"elementor-widget-container\">\n\t\t\t\t\t<h5 class=\"elementor-heading-title elementor-size-default\"><a href=\"#\">Alan de Benoist<\/a><\/h5>\t\t\t\t<\/div>\n\t\t\t\t<\/div>\n\t\t\t\t<div class=\"elementor-element elementor-element-3b440ce elementor-widget elementor-widget-text-editor\" data-id=\"3b440ce\" data-element_type=\"widget\" data-e-type=\"widget\" data-widget_type=\"text-editor.default\">\n\t\t\t\t<div class=\"elementor-widget-container\">\n\t\t\t\t\t\t\t\t\t<p>ALAIN DE BENOIST \u00e9 fil\u00f3sofo, escritor e jornalista, fundador do Grupo de Pesquisas e Estudos sobre a Civiliza\u00e7\u00e3o Indo-Europeia (GRECE), diretor das revistas Krisis e Nouvelle \u00c9cole, editorialsita da revista \u00c9l\u00e9ments e ganhador do Prix de l\u2019Essai da Academia Francesa em 1978.<br \/><br \/>Benoist \u00e9 o pai da escola intelectual da chamada Nouvelle Droite europeia, exercendo grande influ\u00eancia sobre movimentos dissidentes, identit\u00e1rios e populistas de todo o mundo. De imensa amplitude, as suas reflex\u00f5es te\u00f3ricas t\u00eam tocado temas como a luta contra o neoliberalismo e o globalismo, as identidades dos povos, o problema das migra\u00e7\u00f5es em massa, as transforma\u00e7\u00f5es do capitalismo, o ecologismo, entre outros.<\/p>\t\t\t\t\t\t\t\t<\/div>\n\t\t\t\t<\/div>\n\t\t\t\t\t<\/div>\n\t\t<\/div>\n\t\t\t\t\t<\/div>\n\t\t<\/section>\n\t\t\t\t<section class=\"elementor-section elementor-top-section elementor-element elementor-element-45bbd85 ct-section-stretched elementor-section-boxed elementor-section-height-default elementor-section-height-default\" data-id=\"45bbd85\" data-element_type=\"section\" data-e-type=\"section\">\n\t\t\t\t\t\t<div class=\"elementor-container elementor-column-gap-extended\">\n\t\t\t\t\t<div class=\"elementor-column elementor-col-33 elementor-top-column elementor-element elementor-element-82a1719\" data-id=\"82a1719\" data-element_type=\"column\" data-e-type=\"column\" data-settings=\"{&quot;background_background&quot;:&quot;classic&quot;}\">\n\t\t\t<div class=\"elementor-widget-wrap elementor-element-populated\">\n\t\t\t\t\t<div class=\"elementor-background-overlay\"><\/div>\n\t\t\t\t\t\t<div class=\"elementor-element elementor-element-0c875db elementor-widget elementor-widget-spacer\" data-id=\"0c875db\" data-element_type=\"widget\" data-e-type=\"widget\" data-widget_type=\"spacer.default\">\n\t\t\t\t<div class=\"elementor-widget-container\">\n\t\t\t\t\t\t\t<div class=\"elementor-spacer\">\n\t\t\t<div class=\"elementor-spacer-inner\"><\/div>\n\t\t<\/div>\n\t\t\t\t\t\t<\/div>\n\t\t\t\t<\/div>\n\t\t\t\t<div class=\"elementor-element elementor-element-a83b4bb elementor-widget elementor-widget-heading\" data-id=\"a83b4bb\" data-element_type=\"widget\" data-e-type=\"widget\" data-widget_type=\"heading.default\">\n\t\t\t\t<div class=\"elementor-widget-container\">\n\t\t\t\t\t<h5 class=\"elementor-heading-title elementor-size-default\"><a href=\"#\">Leonid Savin<\/a><\/h5>\t\t\t\t<\/div>\n\t\t\t\t<\/div>\n\t\t\t\t<div class=\"elementor-element elementor-element-70334d7 elementor-widget elementor-widget-text-editor\" data-id=\"70334d7\" data-element_type=\"widget\" data-e-type=\"widget\" data-widget_type=\"text-editor.default\">\n\t\t\t\t<div class=\"elementor-widget-container\">\n\t\t\t\t\t\t\t\t\t<p>LEONID SAVIN \u00e9 escritor, estrategista e analista geopol\u00edtico, sendo editor-chefe do Geopolitica.ru e do Katehon.ru, fundador e editor-chefe do Journal of Eurasian Affairs, diretor administrativo do Movimento Internacional Eurasiano e membro da sociedade cient\u00edfico-militar do Minist\u00e9rio da Defesa da R\u00fassia. Ele \u00e9, hoje, um dos principais intelectuais do Movimento Internacional Eurasiano, fundado pelo fil\u00f3sofo russo Alexander Dugin.<\/p><p>O principal campo de pesquisas e estudos de Leonid Savin \u00e9 a geopol\u00edtica e as rela\u00e7\u00f5es internacionais, com enfoque nas teorias da multipolaridade e na transi\u00e7\u00e3o da unipolaridade para a multipolaridade, bem como em temas inovadores como ciberguerra, cibergeopol\u00edtica, guerra h\u00edbrida e guerra de redes.<\/p>\t\t\t\t\t\t\t\t<\/div>\n\t\t\t\t<\/div>\n\t\t\t\t\t<\/div>\n\t\t<\/div>\n\t\t\t\t<div class=\"elementor-column elementor-col-33 elementor-top-column elementor-element elementor-element-e5cd320\" data-id=\"e5cd320\" data-element_type=\"column\" data-e-type=\"column\" data-settings=\"{&quot;background_background&quot;:&quot;classic&quot;}\">\n\t\t\t<div class=\"elementor-widget-wrap elementor-element-populated\">\n\t\t\t\t\t<div class=\"elementor-background-overlay\"><\/div>\n\t\t\t\t\t\t<div class=\"elementor-element elementor-element-baecbb9 elementor-widget elementor-widget-spacer\" data-id=\"baecbb9\" data-element_type=\"widget\" data-e-type=\"widget\" data-widget_type=\"spacer.default\">\n\t\t\t\t<div class=\"elementor-widget-container\">\n\t\t\t\t\t\t\t<div class=\"elementor-spacer\">\n\t\t\t<div class=\"elementor-spacer-inner\"><\/div>\n\t\t<\/div>\n\t\t\t\t\t\t<\/div>\n\t\t\t\t<\/div>\n\t\t\t\t<div class=\"elementor-element elementor-element-d500c89 elementor-widget elementor-widget-heading\" data-id=\"d500c89\" data-element_type=\"widget\" data-e-type=\"widget\" data-widget_type=\"heading.default\">\n\t\t\t\t<div class=\"elementor-widget-container\">\n\t\t\t\t\t<h5 class=\"elementor-heading-title elementor-size-default\"><a href=\"#\">Jos\u00e9 Alsina Calv\u00e9s<\/a><\/h5>\t\t\t\t<\/div>\n\t\t\t\t<\/div>\n\t\t\t\t<div class=\"elementor-element elementor-element-26c942c elementor-widget elementor-widget-text-editor\" data-id=\"26c942c\" data-element_type=\"widget\" data-e-type=\"widget\" data-widget_type=\"text-editor.default\">\n\t\t\t\t<div class=\"elementor-widget-container\">\n\t\t\t\t\t\t\t\t\t<p>JOS\u00c9 ALSINA CALV\u00c9S \u00e9 um bi\u00f3logo, historiador da ci\u00eancia e fil\u00f3sofo espanhol dedicado ao estudo dos v\u00ednculos entre a Catalunha e a Hispanidade.<br \/>Nesse contexto, ele tem se dedicado a compreender a Hispanidade e atualizar o seu entendimento para o s\u00e9culo XXI, encontrando na Quarta Teoria Pol\u00edtica a estrutura intelectual adequada para essa miss\u00e3o.<br \/>Calv\u00e9s se tornou, assim, um dos principais intelectuais dissidentes da atualidade, sintetizando regionalismo, patriotismo e multipolaridade, bem como a defesa da Tradi\u00e7\u00e3o com o estudo da T\u00e9cnica.<\/p>\t\t\t\t\t\t\t\t<\/div>\n\t\t\t\t<\/div>\n\t\t\t\t\t<\/div>\n\t\t<\/div>\n\t\t\t\t<div class=\"elementor-column elementor-col-33 elementor-top-column elementor-element elementor-element-c105651\" data-id=\"c105651\" data-element_type=\"column\" data-e-type=\"column\" data-settings=\"{&quot;background_background&quot;:&quot;classic&quot;}\">\n\t\t\t<div class=\"elementor-widget-wrap elementor-element-populated\">\n\t\t\t\t\t<div class=\"elementor-background-overlay\"><\/div>\n\t\t\t\t\t\t<div class=\"elementor-element elementor-element-3c78b1c elementor-widget elementor-widget-spacer\" data-id=\"3c78b1c\" data-element_type=\"widget\" data-e-type=\"widget\" data-widget_type=\"spacer.default\">\n\t\t\t\t<div class=\"elementor-widget-container\">\n\t\t\t\t\t\t\t<div class=\"elementor-spacer\">\n\t\t\t<div class=\"elementor-spacer-inner\"><\/div>\n\t\t<\/div>\n\t\t\t\t\t\t<\/div>\n\t\t\t\t<\/div>\n\t\t\t\t<div class=\"elementor-element elementor-element-f2f56eb elementor-widget elementor-widget-heading\" data-id=\"f2f56eb\" data-element_type=\"widget\" data-e-type=\"widget\" data-widget_type=\"heading.default\">\n\t\t\t\t<div class=\"elementor-widget-container\">\n\t\t\t\t\t<h5 class=\"elementor-heading-title elementor-size-default\"><a href=\"#\">Alberto Buela<\/a><\/h5>\t\t\t\t<\/div>\n\t\t\t\t<\/div>\n\t\t\t\t<div class=\"elementor-element elementor-element-cf27ff3 elementor-widget elementor-widget-text-editor\" data-id=\"cf27ff3\" data-element_type=\"widget\" data-e-type=\"widget\" data-widget_type=\"text-editor.default\">\n\t\t\t\t<div class=\"elementor-widget-container\">\n\t\t\t\t\t\t\t\t\t<p>ALBERTO BUELA \u00e9 um fil\u00f3sofo e escritor argentino, mais conhecido por sua contribui\u00e7\u00e3o aos estudos aristot\u00e9licos e \u00e0 doutrina peronista.<br \/>Especialista em metapol\u00edtica, Buela se tornou o principal interlocutor ibero-americano do pensamento dissidente desenvolvido na Europa por figuras como Alain de Benoist e Alexander Dugin.<br \/>N\u00e3o obstante, Buela sempre enfatizou a import\u00e2ncia de construir um caminho metapol\u00edtico propriamente ibero-americano, enraizado em nossa pr\u00f3pria experi\u00eancia comunit\u00e1ria do Ser.<\/p>\t\t\t\t\t\t\t\t<\/div>\n\t\t\t\t<\/div>\n\t\t\t\t\t<\/div>\n\t\t<\/div>\n\t\t\t\t\t<\/div>\n\t\t<\/section>\n\t\t\t\t<section class=\"elementor-section elementor-top-section elementor-element elementor-element-75cb63d ct-section-stretched elementor-section-boxed elementor-section-height-default elementor-section-height-default\" data-id=\"75cb63d\" data-element_type=\"section\" data-e-type=\"section\">\n\t\t\t\t\t\t<div class=\"elementor-container elementor-column-gap-extended\">\n\t\t\t\t\t<div class=\"elementor-column elementor-col-33 elementor-top-column elementor-element elementor-element-d7589ab\" data-id=\"d7589ab\" data-element_type=\"column\" data-e-type=\"column\" data-settings=\"{&quot;background_background&quot;:&quot;classic&quot;}\">\n\t\t\t<div class=\"elementor-widget-wrap elementor-element-populated\">\n\t\t\t\t\t<div class=\"elementor-background-overlay\"><\/div>\n\t\t\t\t\t\t<div class=\"elementor-element elementor-element-14da82c elementor-widget elementor-widget-heading\" data-id=\"14da82c\" data-element_type=\"widget\" data-e-type=\"widget\" data-widget_type=\"heading.default\">\n\t\t\t\t<div class=\"elementor-widget-container\">\n\t\t\t\t\t<h5 class=\"elementor-heading-title elementor-size-default\"><a href=\"#\">Jo\u00e3o Franco<\/a><\/h5>\t\t\t\t<\/div>\n\t\t\t\t<\/div>\n\t\t\t\t<div class=\"elementor-element elementor-element-48a23a7 elementor-widget elementor-widget-spacer\" data-id=\"48a23a7\" data-element_type=\"widget\" data-e-type=\"widget\" data-widget_type=\"spacer.default\">\n\t\t\t\t<div class=\"elementor-widget-container\">\n\t\t\t\t\t\t\t<div class=\"elementor-spacer\">\n\t\t\t<div class=\"elementor-spacer-inner\"><\/div>\n\t\t<\/div>\n\t\t\t\t\t\t<\/div>\n\t\t\t\t<\/div>\n\t\t\t\t<div class=\"elementor-element elementor-element-9420545 elementor-widget elementor-widget-text-editor\" data-id=\"9420545\" data-element_type=\"widget\" data-e-type=\"widget\" data-widget_type=\"text-editor.default\">\n\t\t\t\t<div class=\"elementor-widget-container\">\n\t\t\t\t\t\t\t\t\t<p>JO\u00c3O FRANCO tem uma licenciatura em Rela\u00e7\u00f5es Internacionais, uma p\u00f3s-gradua\u00e7\u00e3o em Estrat\u00e9gia e uma outra licenciatura em Filosofia. Foi diretor da revista Finis Mundi, uma revista portuguesa focada em assuntos internacionais, geopol\u00edtica e metapol\u00edtica, e \u00e9 investigador no IAEGCA (Instituto de Estudos Superiores em Geopol\u00edtica e Ci\u00eancias Auxiliares) em Lisboa, tendo tamb\u00e9m feito parte da equipe editorial da Revista de Geopol\u00edtica, revista brasileira com foco em geopol\u00edtica.<br \/>No campo da tradu\u00e7\u00e3o tamb\u00e9m realizou alguns trabalhos, incluindo a tradu\u00e7\u00e3o, em parceria, de Geopol\u00edtica da R\u00fassia contempor\u00e2nea de Alexander Dugin para portugu\u00eas. Sobre os temas de geopol\u00edtica e pol\u00edtica em geral, publicou artigos em v\u00e1rias revistas e jornais, portugueses e estrangeiros. Trabalha na \u00e1rea da gest\u00e3o de projetos e interessa-se sobretudo pelas \u00e1reas das Rela\u00e7\u00f5es Internacionais, Geopol\u00edtica, Filosofia e China.<\/p>\t\t\t\t\t\t\t\t<\/div>\n\t\t\t\t<\/div>\n\t\t\t\t\t<\/div>\n\t\t<\/div>\n\t\t\t\t<div class=\"elementor-column elementor-col-33 elementor-top-column elementor-element elementor-element-382bba3\" data-id=\"382bba3\" data-element_type=\"column\" data-e-type=\"column\" data-settings=\"{&quot;background_background&quot;:&quot;classic&quot;}\">\n\t\t\t<div class=\"elementor-widget-wrap elementor-element-populated\">\n\t\t\t\t\t<div class=\"elementor-background-overlay\"><\/div>\n\t\t\t\t\t\t<div class=\"elementor-element elementor-element-d99b9fd elementor-widget elementor-widget-spacer\" data-id=\"d99b9fd\" data-element_type=\"widget\" data-e-type=\"widget\" data-widget_type=\"spacer.default\">\n\t\t\t\t<div class=\"elementor-widget-container\">\n\t\t\t\t\t\t\t<div class=\"elementor-spacer\">\n\t\t\t<div class=\"elementor-spacer-inner\"><\/div>\n\t\t<\/div>\n\t\t\t\t\t\t<\/div>\n\t\t\t\t<\/div>\n\t\t\t\t\t<\/div>\n\t\t<\/div>\n\t\t\t\t<div class=\"elementor-column elementor-col-33 elementor-top-column elementor-element elementor-element-d6d43eb\" data-id=\"d6d43eb\" data-element_type=\"column\" data-e-type=\"column\" data-settings=\"{&quot;background_background&quot;:&quot;classic&quot;}\">\n\t\t\t<div class=\"elementor-widget-wrap elementor-element-populated\">\n\t\t\t\t\t<div class=\"elementor-background-overlay\"><\/div>\n\t\t\t\t\t\t<div class=\"elementor-element elementor-element-d7af28e elementor-widget elementor-widget-spacer\" data-id=\"d7af28e\" data-element_type=\"widget\" data-e-type=\"widget\" data-widget_type=\"spacer.default\">\n\t\t\t\t<div class=\"elementor-widget-container\">\n\t\t\t\t\t\t\t<div class=\"elementor-spacer\">\n\t\t\t<div class=\"elementor-spacer-inner\"><\/div>\n\t\t<\/div>\n\t\t\t\t\t\t<\/div>\n\t\t\t\t<\/div>\n\t\t\t\t\t<\/div>\n\t\t<\/div>\n\t\t\t\t\t<\/div>\n\t\t<\/section>\n\t\t\t\t<section class=\"elementor-section elementor-top-section elementor-element elementor-element-23238ea elementor-section-boxed elementor-section-height-default elementor-section-height-default\" data-id=\"23238ea\" data-element_type=\"section\" data-e-type=\"section\">\n\t\t\t\t\t\t<div class=\"elementor-container elementor-column-gap-no\">\n\t\t\t\t\t<div class=\"elementor-column elementor-col-100 elementor-top-column elementor-element elementor-element-c1b5061\" data-id=\"c1b5061\" data-element_type=\"column\" data-e-type=\"column\">\n\t\t\t<div class=\"elementor-widget-wrap elementor-element-populated\">\n\t\t\t\t\t\t<div class=\"elementor-element elementor-element-15ec694 elementor-widget elementor-widget-heading\" data-id=\"15ec694\" data-element_type=\"widget\" data-e-type=\"widget\" data-widget_type=\"heading.default\">\n\t\t\t\t<div class=\"elementor-widget-container\">\n\t\t\t\t\t<h2 class=\"elementor-heading-title elementor-size-default\">Destaque<\/h2>\t\t\t\t<\/div>\n\t\t\t\t<\/div>\n\t\t\t\t\t<\/div>\n\t\t<\/div>\n\t\t\t\t\t<\/div>\n\t\t<\/section>\n\t\t\t\t<section class=\"elementor-section elementor-top-section elementor-element elementor-element-1729468 elementor-section-boxed elementor-section-height-default elementor-section-height-default\" data-id=\"1729468\" data-element_type=\"section\" data-e-type=\"section\">\n\t\t\t\t\t\t<div class=\"elementor-container elementor-column-gap-no\">\n\t\t\t\t\t<div class=\"elementor-column elementor-col-100 elementor-top-column elementor-element elementor-element-b1e37de\" data-id=\"b1e37de\" data-element_type=\"column\" data-e-type=\"column\">\n\t\t\t<div class=\"elementor-widget-wrap elementor-element-populated\">\n\t\t\t\t\t\t<div class=\"elementor-element elementor-element-e54d43d elementor-widget elementor-widget-heading\" data-id=\"e54d43d\" data-element_type=\"widget\" data-e-type=\"widget\" data-widget_type=\"heading.default\">\n\t\t\t\t<div class=\"elementor-widget-container\">\n\t\t\t\t\t<h2 class=\"elementor-heading-title elementor-size-default\">Mais Populares<\/h2>\t\t\t\t<\/div>\n\t\t\t\t<\/div>\n\t\t\t\t<div class=\"elementor-element elementor-element-40a2a36 elementor-widget elementor-widget-shortcode\" data-id=\"40a2a36\" data-element_type=\"widget\" data-e-type=\"widget\" data-widget_type=\"shortcode.default\">\n\t\t\t\t<div class=\"elementor-widget-container\">\n\t\t\t\t\t\t\t<div class=\"elementor-shortcode\"><div class=\"woocommerce columns-4 \"><\/div><\/div>\n\t\t\t\t\t\t<\/div>\n\t\t\t\t<\/div>\n\t\t\t\t<div class=\"elementor-element elementor-element-76144d6 elementor-widget elementor-widget-shortcode\" data-id=\"76144d6\" data-element_type=\"widget\" data-e-type=\"widget\" data-widget_type=\"shortcode.default\">\n\t\t\t\t<div class=\"elementor-widget-container\">\n\t\t\t\t\t\t\t<div class=\"elementor-shortcode\"><div class=\"woocommerce columns-4 \"><ul class=\"products columns-4\" data-products=\"type-1\">\n<li class=\"product type-product post-801 status-publish first instock product_cat-livro has-post-thumbnail shipping-taxable purchasable product-type-simple\">\n\t<a href=\"https:\/\/editoraarsregia.com\/?product=leonid-savin-guerra-hibrida-e-zona-cinzenta\" class=\"woocommerce-LoopProduct-link woocommerce-loop-product__link\"><img fetchpriority=\"high\" decoding=\"async\" width=\"300\" height=\"300\" src=\"https:\/\/editoraarsregia.com\/wp-content\/uploads\/2025\/02\/guerra-removebg-preview-300x300.png\" class=\"attachment-woocommerce_thumbnail size-woocommerce_thumbnail\" alt=\"Leonid Savin - Guerra hibrida e zona cinzenta\" srcset=\"https:\/\/editoraarsregia.com\/wp-content\/uploads\/2025\/02\/guerra-removebg-preview-300x300.png 300w, https:\/\/editoraarsregia.com\/wp-content\/uploads\/2025\/02\/guerra-removebg-preview-150x150.png 150w, https:\/\/editoraarsregia.com\/wp-content\/uploads\/2025\/02\/guerra-removebg-preview-100x100.png 100w\" sizes=\"(max-width: 300px) 100vw, 300px\" \/><h2 class=\"woocommerce-loop-product__title\">Leonid Savin &#8211; Guerra hibrida e zona cinzenta<\/h2>\n\t<span class=\"price\"><span class=\"woocommerce-Price-amount amount\"><bdi><span class=\"woocommerce-Price-currencySymbol\">&#82;&#36;<\/span>&nbsp;47,80<\/bdi><\/span><\/span>\n<\/a><a href=\"\/index.php?rest_route=%2Fwp%2Fv2%2Fpages%2F14&#038;add-to-cart=801\" aria-describedby=\"woocommerce_loop_add_to_cart_link_describedby_801\" data-quantity=\"1\" class=\"button product_type_simple add_to_cart_button ajax_add_to_cart\" data-product_id=\"801\" data-product_sku=\"\" aria-label=\"Adicione ao carrinho: &ldquo;Leonid Savin - Guerra hibrida e zona cinzenta&rdquo;\" rel=\"nofollow\" data-success_message=\"\u201cLeonid Savin - Guerra hibrida e zona cinzenta\u201d foi adicionado ao seu carrinho\" role=\"button\">Adicionar ao carrinho<\/a>\t<span id=\"woocommerce_loop_add_to_cart_link_describedby_801\" class=\"screen-reader-text\">\n\t\t\t<\/span>\n<\/li>\n<li class=\"product type-product post-797 status-publish instock product_cat-livro has-post-thumbnail shipping-taxable purchasable product-type-simple\">\n\t<a href=\"https:\/\/editoraarsregia.com\/?product=fundamentos-da-geopolitica\" class=\"woocommerce-LoopProduct-link woocommerce-loop-product__link\"><img decoding=\"async\" width=\"300\" height=\"300\" src=\"https:\/\/editoraarsregia.com\/wp-content\/uploads\/2025\/02\/fundamentos-removebg-preview-300x300.png\" class=\"attachment-woocommerce_thumbnail size-woocommerce_thumbnail\" alt=\"Fundamentos da geopol\u00edtica\" srcset=\"https:\/\/editoraarsregia.com\/wp-content\/uploads\/2025\/02\/fundamentos-removebg-preview-300x300.png 300w, https:\/\/editoraarsregia.com\/wp-content\/uploads\/2025\/02\/fundamentos-removebg-preview-150x150.png 150w, https:\/\/editoraarsregia.com\/wp-content\/uploads\/2025\/02\/fundamentos-removebg-preview-100x100.png 100w\" sizes=\"(max-width: 300px) 100vw, 300px\" \/><h2 class=\"woocommerce-loop-product__title\">Fundamentos da geopol\u00edtica<\/h2>\n\t<span class=\"price\"><span class=\"woocommerce-Price-amount amount\"><bdi><span class=\"woocommerce-Price-currencySymbol\">&#82;&#36;<\/span>&nbsp;79,75<\/bdi><\/span><\/span>\n<\/a><a href=\"\/index.php?rest_route=%2Fwp%2Fv2%2Fpages%2F14&#038;add-to-cart=797\" aria-describedby=\"woocommerce_loop_add_to_cart_link_describedby_797\" data-quantity=\"1\" class=\"button product_type_simple add_to_cart_button ajax_add_to_cart\" data-product_id=\"797\" data-product_sku=\"\" aria-label=\"Adicione ao carrinho: &ldquo;Fundamentos da geopol\u00edtica&rdquo;\" rel=\"nofollow\" data-success_message=\"\u201cFundamentos da geopol\u00edtica\u201d foi adicionado ao seu carrinho\" role=\"button\">Adicionar ao carrinho<\/a>\t<span id=\"woocommerce_loop_add_to_cart_link_describedby_797\" class=\"screen-reader-text\">\n\t\t\t<\/span>\n<\/li>\n<li class=\"product type-product post-740 status-publish instock product_cat-livro has-post-thumbnail shipping-taxable purchasable product-type-simple\">\n\t<a href=\"https:\/\/editoraarsregia.com\/?product=diego-fusaro-golpe-global\" class=\"woocommerce-LoopProduct-link woocommerce-loop-product__link\"><img decoding=\"async\" width=\"300\" height=\"300\" src=\"https:\/\/editoraarsregia.com\/wp-content\/uploads\/2025\/01\/WhatsApp-Image-2024-11-24-at-18.54.332-300x300.jpeg\" class=\"attachment-woocommerce_thumbnail size-woocommerce_thumbnail\" alt=\"Golpe Global\" srcset=\"https:\/\/editoraarsregia.com\/wp-content\/uploads\/2025\/01\/WhatsApp-Image-2024-11-24-at-18.54.332-300x300.jpeg 300w, https:\/\/editoraarsregia.com\/wp-content\/uploads\/2025\/01\/WhatsApp-Image-2024-11-24-at-18.54.332-150x150.jpeg 150w, https:\/\/editoraarsregia.com\/wp-content\/uploads\/2025\/01\/WhatsApp-Image-2024-11-24-at-18.54.332-100x100.jpeg 100w\" sizes=\"(max-width: 300px) 100vw, 300px\" \/><h2 class=\"woocommerce-loop-product__title\">Diego Fusaro &#8211; Golpe Global<\/h2>\n\t<span class=\"price\"><span class=\"woocommerce-Price-amount amount\"><bdi><span class=\"woocommerce-Price-currencySymbol\">&#82;&#36;<\/span>&nbsp;56,35<\/bdi><\/span><\/span>\n<\/a><a href=\"\/index.php?rest_route=%2Fwp%2Fv2%2Fpages%2F14&#038;add-to-cart=740\" aria-describedby=\"woocommerce_loop_add_to_cart_link_describedby_740\" data-quantity=\"1\" class=\"button product_type_simple add_to_cart_button ajax_add_to_cart\" data-product_id=\"740\" data-product_sku=\"\" aria-label=\"Adicione ao carrinho: &ldquo;Diego Fusaro - Golpe Global&rdquo;\" rel=\"nofollow\" data-success_message=\"\u201cDiego Fusaro - Golpe Global\u201d foi adicionado ao seu carrinho\" role=\"button\">Adicionar ao carrinho<\/a>\t<span id=\"woocommerce_loop_add_to_cart_link_describedby_740\" class=\"screen-reader-text\">\n\t\t\t<\/span>\n<\/li>\n<li class=\"product type-product post-737 status-publish last instock product_cat-livro has-post-thumbnail shipping-taxable purchasable product-type-simple\">\n\t<a href=\"https:\/\/editoraarsregia.com\/?product=alain-de-benoist-os-demonios-do-bem\" class=\"woocommerce-LoopProduct-link woocommerce-loop-product__link\"><img loading=\"lazy\" decoding=\"async\" width=\"300\" height=\"300\" src=\"https:\/\/editoraarsregia.com\/wp-content\/uploads\/2025\/01\/d_bem-300x300.jpeg\" class=\"attachment-woocommerce_thumbnail size-woocommerce_thumbnail\" alt=\"Alain de Benoist - Os Dem\u00f4nios do Bem\" srcset=\"https:\/\/editoraarsregia.com\/wp-content\/uploads\/2025\/01\/d_bem-300x300.jpeg 300w, https:\/\/editoraarsregia.com\/wp-content\/uploads\/2025\/01\/d_bem-150x150.jpeg 150w, https:\/\/editoraarsregia.com\/wp-content\/uploads\/2025\/01\/d_bem-100x100.jpeg 100w\" sizes=\"(max-width: 300px) 100vw, 300px\" \/><h2 class=\"woocommerce-loop-product__title\">Alain de Benoist &#8211; Os Dem\u00f4nios do Bem<\/h2>\n\t<span class=\"price\"><span class=\"woocommerce-Price-amount amount\"><bdi><span class=\"woocommerce-Price-currencySymbol\">&#82;&#36;<\/span>&nbsp;52,00<\/bdi><\/span><\/span>\n<\/a><a href=\"\/index.php?rest_route=%2Fwp%2Fv2%2Fpages%2F14&#038;add-to-cart=737\" aria-describedby=\"woocommerce_loop_add_to_cart_link_describedby_737\" data-quantity=\"1\" class=\"button product_type_simple add_to_cart_button ajax_add_to_cart\" data-product_id=\"737\" data-product_sku=\"\" aria-label=\"Adicione ao carrinho: &ldquo;Alain de Benoist - Os Dem\u00f4nios do Bem&rdquo;\" rel=\"nofollow\" data-success_message=\"\u201cAlain de Benoist - Os Dem\u00f4nios do Bem\u201d foi adicionado ao seu carrinho\" role=\"button\">Adicionar ao carrinho<\/a>\t<span id=\"woocommerce_loop_add_to_cart_link_describedby_737\" class=\"screen-reader-text\">\n\t\t\t<\/span>\n<\/li>\n<\/ul>\n<\/div><\/div>\n\t\t\t\t\t\t<\/div>\n\t\t\t\t<\/div>\n\t\t\t\t\t<\/div>\n\t\t<\/div>\n\t\t\t\t\t<\/div>\n\t\t<\/section>\n\t\t\t\t<\/div>\n\t\t","protected":false},"excerpt":{"rendered":"<p>Editora ARS REGIA Editora especializada na publica\u00e7\u00e3o de obras dissidentes. Ver obras Autores Autores publicados pela editora. Alexander Dugin ALEXANDER GELYEVICH DUGIN \u00e9 um fil\u00f3sofo, soci\u00f3logo, polit\u00f3logo e geopolit\u00f3logo russo, principal figura do neoeurasianismo. Com mais de 70 obras publicadas e fluente em pelo menos 7 idiomas, as obras de Dugin sobre geopol\u00edtica s\u00e3o parte [&hellip;]<\/p>\n","protected":false},"author":1,"featured_media":0,"parent":0,"menu_order":0,"comment_status":"closed","ping_status":"closed","template":"","meta":{"_monsterinsights_skip_tracking":false,"_monsterinsights_sitenote_active":false,"_monsterinsights_sitenote_note":"","_monsterinsights_sitenote_category":0,"_joinchat":[],"footnotes":""},"class_list":["post-14","page","type-page","status-publish","hentry"],"blocksy_meta":{"page_title_panel":"","has_hero_section":"disabled","f14f85185be7bf5e4b9cd8e39a9b78d5":"","hero_section":"type-1","hero_alignment1":"left","hero_alignment2":"center","hero_height":"230px","page_title_bg_type":"color","custom_hero_background":{"attachment_id":null},"parallax":{"desktop":false,"tablet":false,"mobile":false},"f77d94981ecd408488699a919150543f":"","single_meta_elements":{"author":false,"date":false,"categories":false,"comments":false,"updated":false,"tags":false},"has_meta_label":"yes","has_meta_avatar":"yes","date_format_source":"custom","single_meta_date_format":"M j, Y","8f3b60b9ec2691fe2ba258efbb20e58c":"","page_excerpt_visibility":{"desktop":true,"tablet":true,"mobile":false},"pageTitleFont":{"family":"Default","variation":"Default","size":{"desktop":"32px","tablet":"30px","mobile":"25px"},"line-height":"1.3","letter-spacing":"CT_CSS_SKIP_RULE","text-transform":"CT_CSS_SKIP_RULE","text-decoration":"CT_CSS_SKIP_RULE"},"pageTitleFontColor":{"default":{"color":"CT_CSS_SKIP_RULEDEFAULT"}},"pageMetaFont":{"family":"Default","variation":"n6","size":{"desktop":"12px","tablet":"12px","mobile":"12px"},"line-height":"1.3","letter-spacing":"CT_CSS_SKIP_RULE","text-transform":"uppercase","text-decoration":"CT_CSS_SKIP_RULE"},"pageMetaFontColor":{"default":{"color":"CT_CSS_SKIP_RULEDEFAULT"},"hover":{"color":"CT_CSS_SKIP_RULEDEFAULT"}},"pageExcerptFont":{"family":"Default","variation":"n5","size":"CT_CSS_SKIP_RULE","line-height":"CT_CSS_SKIP_RULE","letter-spacing":"CT_CSS_SKIP_RULE","text-transform":"CT_CSS_SKIP_RULE","text-decoration":"CT_CSS_SKIP_RULE"},"pageExcerptColor":{"default":{"color":"CT_CSS_SKIP_RULEDEFAULT"}},"pageTitleOverlay":{"default":{"color":"rgba(41, 51, 60, 0.2)"}},"pageTitleBackground":{"background_type":"color","background_pattern":"type-1","background_image":{"attachment_id":null,"x":0,"y":0},"background_repeat":"no-repeat","background_size":"auto","background_attachment":"scroll","patternColor":{"default":{"color":"#e5e7ea"}},"backgroundColor":{"default":{"color":"#EDEFF2"}},"default":{"color":"#EDEFF2"}},"3a9d195426167727e2bdd54ca382bd2c":"","page_structure_type":"default","page_enable_vertical_spacing":"no","cc6a193975c18963288ad011551d9961":"","disable_featured_image":"no","7981158ae68a16f509a0258749fc9a09":"","67d70c521aca4abfee3452c47c9450a9":"","bc64f5adb9c0a1c7f26bca663114f9ba":"","a76006027f55b34cd6a5201dc26261f7":"","fa13c2ffa7fd6fc8f6a3acd9a27c3e05":"","f0c89fd568da69487a7c1fe1f0bd9ec8":"","hero_elements":[{"id":"custom_title","enabled":true,"heading_tag":"h1","title":"Home"},{"id":"custom_description","enabled":true,"description_visibility":{"desktop":true,"tablet":true,"mobile":false}},{"id":"custom_meta","enabled":false,"meta_elements":[{"id":"author","enabled":true,"label":"By","has_author_avatar":"yes","avatar_size":25},{"id":"post_date","enabled":true,"label":"On","date_format_source":"default","date_format":"M j, Y"},{"id":"comments","enabled":true}],"page_meta_elements":{"joined":true,"articles_count":true,"comments":true}},{"id":"breadcrumbs","enabled":false}],"1a40c01ed32d64c059beadd663caa755":"","hero_vertical_alignment":"center","hero_structure":"narrow","breadcrumbsFont":{"family":"Default","variation":"n6","size":"12px","line-height":"CT_CSS_SKIP_RULE","letter-spacing":"CT_CSS_SKIP_RULE","text-transform":"uppercase","text-decoration":"CT_CSS_SKIP_RULE"},"breadcrumbsFontColor":{"default":{"color":"CT_CSS_SKIP_RULEDEFAULT"},"initial":{"color":"CT_CSS_SKIP_RULEDEFAULT"},"hover":{"color":"CT_CSS_SKIP_RULEDEFAULT"}},"94b799e3109bf6c952cafcf946e0ee78":"","content_style":"inherit","vertical_spacing_source":"custom","content_area_spacing":"none","background":{"background_type":"color","background_pattern":"type-1","background_image":{"attachment_id":null,"x":0,"y":0},"background_repeat":"no-repeat","background_size":"auto","background_attachment":"scroll","patternColor":{"default":{"color":"#e5e7ea"}},"backgroundColor":{"default":{"color":"CT_CSS_SKIP_RULE"}}},"content_background":{"background_type":"color","background_pattern":"type-1","background_image":{"attachment_id":null,"x":0,"y":0},"background_repeat":"no-repeat","background_size":"auto","background_attachment":"scroll","patternColor":{"default":{"color":"#e5e7ea"}},"backgroundColor":{"default":{"color":"#ffffff"}}},"content_boxed_spacing":{"desktop":"40px","tablet":"35px","mobile":"20px"},"content_boxed_radius":{"top":"3px","bottom":"3px","left":"3px","right":"3px","linked":true},"content_boxed_shadow":{"blur":18,"spread":-6,"v_offset":12,"h_offset":0,"inset":false,"enable":true,"color":{"color":"rgba(34, 56, 101, 0.04)"}},"1a643944ccacbcf94c4ae53c5a3a7cf5":"","styles_descriptor":{"styles":{"desktop":"","tablet":"","mobile":""},"google_fonts":[],"version":6}},"aioseo_notices":[],"jetpack_sharing_enabled":true,"_links":{"self":[{"href":"https:\/\/editoraarsregia.com\/index.php?rest_route=\/wp\/v2\/pages\/14","targetHints":{"allow":["GET"]}}],"collection":[{"href":"https:\/\/editoraarsregia.com\/index.php?rest_route=\/wp\/v2\/pages"}],"about":[{"href":"https:\/\/editoraarsregia.com\/index.php?rest_route=\/wp\/v2\/types\/page"}],"author":[{"embeddable":true,"href":"https:\/\/editoraarsregia.com\/index.php?rest_route=\/wp\/v2\/users\/1"}],"replies":[{"embeddable":true,"href":"https:\/\/editoraarsregia.com\/index.php?rest_route=%2Fwp%2Fv2%2Fcomments&post=14"}],"version-history":[{"count":78,"href":"https:\/\/editoraarsregia.com\/index.php?rest_route=\/wp\/v2\/pages\/14\/revisions"}],"predecessor-version":[{"id":889,"href":"https:\/\/editoraarsregia.com\/index.php?rest_route=\/wp\/v2\/pages\/14\/revisions\/889"}],"wp:attachment":[{"href":"https:\/\/editoraarsregia.com\/index.php?rest_route=%2Fwp%2Fv2%2Fmedia&parent=14"}],"curies":[{"name":"wp","href":"https:\/\/api.w.org\/{rel}","templated":true}]}}