{"id":342,"date":"2020-03-20T08:35:44","date_gmt":"2020-03-20T08:35:44","guid":{"rendered":"https:\/\/demo.creativethemes.com\/blocksy\/modern-shop\/?page_id=342"},"modified":"2024-04-09T19:08:52","modified_gmt":"2024-04-09T22:08:52","slug":"loja","status":"publish","type":"page","link":"https:\/\/editoraarsregia.com\/?page_id=342","title":{"rendered":"Loja"},"content":{"rendered":"<div class=\"woocommerce columns-3 \"><div class=\"woocommerce-notices-wrapper\"><\/div><div class=\"woo-listing-top\"><p class=\"woocommerce-result-count ct-hidden-sm\" role=\"alert\" aria-relevant=\"all\" >\n\tMostrando todos os 12 resultados<\/p>\n<form class=\"woocommerce-ordering\" method=\"get\">\n\t\t<select\n\t\tname=\"orderby\"\n\t\tclass=\"orderby\"\n\t\t\t\t\taria-label=\"Pedido da loja\"\n\t\t\t>\n\t\t\t\t\t<option value=\"menu_order\"  selected='selected'>Ordena\u00e7\u00e3o padr\u00e3o<\/option>\n\t\t\t\t\t<option value=\"popularity\" >Ordenar por popularidade<\/option>\n\t\t\t\t\t<option value=\"rating\" >Ordenar por m\u00e9dia de classifica\u00e7\u00e3o<\/option>\n\t\t\t\t\t<option value=\"date\" >Ordenar por mais recente<\/option>\n\t\t\t\t\t<option value=\"price\" >Ordenar por pre\u00e7o: menor para maior<\/option>\n\t\t\t\t\t<option value=\"price-desc\" >Ordenar por pre\u00e7o: maior para menor<\/option>\n\t\t\t<\/select>\n\t<input type=\"hidden\" name=\"paged\" value=\"1\" \/>\n\t<input type=\"hidden\" name=\"rest_route\" value=\"\/wp\/v2\/pages\/342\" \/><svg width=\"14px\" height=\"14px\" fill=\"currentColor\" viewBox=\"0 0 24 24\" class=\"ct-sort-icon ct-hidden-lg ct-hidden-md\"><path d=\"M10.434 5.966A.933.933 0 0 1 9.24 7.399L6.318 4.966V19.46a.933.933 0 1 1-1.866 0V4.966L1.53 7.4a.93.93 0 0 1-1.314-.12.933.933 0 0 1 .12-1.313l4.452-3.707c.027-.023.06-.03.09-.048.038-.026.072-.055.114-.074.025-.012.051-.02.078-.03.046-.017.092-.025.14-.034.045-.009.088-.02.134-.022.014 0 .026-.008.04-.008.015 0 .027.008.042.008.046.002.09.013.135.022.047.01.093.017.139.034.026.01.052.018.078.03.042.019.076.048.115.074.029.019.062.026.089.048l4.452 3.707Zm13.35 10.755a.933.933 0 0 0-1.314-.12l-2.922 2.433V4.54a.933.933 0 1 0-1.866 0v14.493L14.76 16.6a.933.933 0 1 0-1.194 1.433l4.452 3.707c.044.037.096.055.144.082.027.015.049.04.077.052l.038.014c.11.042.223.068.338.068a.929.929 0 0 0 .338-.068l.038-.014c.029-.013.05-.037.078-.052.048-.027.099-.045.143-.082l4.452-3.707a.933.933 0 0 0 .12-1.313Z\"\/><\/svg>\n\t\t\t\t<\/form>\n<\/div><ul class=\"products columns-3\" data-products=\"type-1\">\n<li class=\"product type-product post-737 status-publish first instock product_cat-livro has-post-thumbnail shipping-taxable purchasable product-type-simple\">\n\t<a href=\"https:\/\/editoraarsregia.com\/?product=alain-de-benoist-os-demonios-do-bem\" class=\"woocommerce-LoopProduct-link woocommerce-loop-product__link\"><img fetchpriority=\"high\" decoding=\"async\" width=\"300\" height=\"300\" src=\"https:\/\/editoraarsregia.com\/wp-content\/uploads\/2025\/01\/d_bem-300x300.jpeg\" class=\"attachment-woocommerce_thumbnail size-woocommerce_thumbnail\" alt=\"Alain de Benoist - Os Dem\u00f4nios do Bem\" srcset=\"https:\/\/editoraarsregia.com\/wp-content\/uploads\/2025\/01\/d_bem-300x300.jpeg 300w, https:\/\/editoraarsregia.com\/wp-content\/uploads\/2025\/01\/d_bem-150x150.jpeg 150w, https:\/\/editoraarsregia.com\/wp-content\/uploads\/2025\/01\/d_bem-100x100.jpeg 100w\" sizes=\"(max-width: 300px) 100vw, 300px\" \/><h2 class=\"woocommerce-loop-product__title\">Alain de Benoist &#8211; Os Dem\u00f4nios do Bem<\/h2>\n\t<span class=\"price\"><span class=\"woocommerce-Price-amount amount\"><bdi><span class=\"woocommerce-Price-currencySymbol\">&#82;&#36;<\/span>&nbsp;52,00<\/bdi><\/span><\/span>\n<\/a><a href=\"\/index.php?rest_route=%2Fwp%2Fv2%2Fpages%2F342&#038;add-to-cart=737\" aria-describedby=\"woocommerce_loop_add_to_cart_link_describedby_737\" data-quantity=\"1\" class=\"button product_type_simple add_to_cart_button ajax_add_to_cart\" data-product_id=\"737\" data-product_sku=\"\" aria-label=\"Adicione ao carrinho: &ldquo;Alain de Benoist - Os Dem\u00f4nios do Bem&rdquo;\" rel=\"nofollow\" data-success_message=\"\u201cAlain de Benoist - Os Dem\u00f4nios do Bem\u201d foi adicionado ao seu carrinho\" role=\"button\">Adicionar ao carrinho<\/a>\t<span id=\"woocommerce_loop_add_to_cart_link_describedby_737\" class=\"screen-reader-text\">\n\t\t\t<\/span>\n<\/li>\n<li class=\"product type-product post-556 status-publish instock product_cat-livro has-post-thumbnail shipping-taxable purchasable product-type-simple\">\n\t<a href=\"https:\/\/editoraarsregia.com\/?product=alain-de-benoist-para-alem-dos-direitos-humanos\" class=\"woocommerce-LoopProduct-link woocommerce-loop-product__link\"><img decoding=\"async\" width=\"300\" height=\"300\" src=\"https:\/\/editoraarsregia.com\/wp-content\/uploads\/2024\/04\/PADH01-300x300.png\" class=\"attachment-woocommerce_thumbnail size-woocommerce_thumbnail\" alt=\"Alain de Benoist - Para Al\u00e9m dos Direitos Humanos\" srcset=\"https:\/\/editoraarsregia.com\/wp-content\/uploads\/2024\/04\/PADH01-300x300.png 300w, https:\/\/editoraarsregia.com\/wp-content\/uploads\/2024\/04\/PADH01-150x150.png 150w, https:\/\/editoraarsregia.com\/wp-content\/uploads\/2024\/04\/PADH01-100x100.png 100w, https:\/\/editoraarsregia.com\/wp-content\/uploads\/2024\/04\/PADH01.png 600w\" sizes=\"(max-width: 300px) 100vw, 300px\" \/><h2 class=\"woocommerce-loop-product__title\">Alain de Benoist &#8211; Para Al\u00e9m dos Direitos Humanos<\/h2>\n\t<span class=\"price\"><span class=\"woocommerce-Price-amount amount\"><bdi><span class=\"woocommerce-Price-currencySymbol\">&#82;&#36;<\/span>&nbsp;38,80<\/bdi><\/span><\/span>\n<\/a><a href=\"\/index.php?rest_route=%2Fwp%2Fv2%2Fpages%2F342&#038;add-to-cart=556\" aria-describedby=\"woocommerce_loop_add_to_cart_link_describedby_556\" data-quantity=\"1\" class=\"button product_type_simple add_to_cart_button ajax_add_to_cart\" data-product_id=\"556\" data-product_sku=\"\" aria-label=\"Adicione ao carrinho: &ldquo;Alain de Benoist - Para Al\u00e9m dos Direitos Humanos&rdquo;\" rel=\"nofollow\" data-success_message=\"\u201cAlain de Benoist - Para Al\u00e9m dos Direitos Humanos\u201d foi adicionado ao seu carrinho\" role=\"button\">Adicionar ao carrinho<\/a>\t<span id=\"woocommerce_loop_add_to_cart_link_describedby_556\" class=\"screen-reader-text\">\n\t\t\t<\/span>\n<\/li>\n<li class=\"product type-product post-600 status-publish last instock product_cat-livro has-post-thumbnail shipping-taxable purchasable product-type-simple\">\n\t<a href=\"https:\/\/editoraarsregia.com\/?product=alberto-buela-hispano-america-contra-o-ocidente\" class=\"woocommerce-LoopProduct-link woocommerce-loop-product__link\"><img decoding=\"async\" width=\"300\" height=\"300\" src=\"https:\/\/editoraarsregia.com\/wp-content\/uploads\/2024\/04\/HACCO02-300x300.png\" class=\"attachment-woocommerce_thumbnail size-woocommerce_thumbnail\" alt=\"Alberto Buela - Hispano-Am\u00e9rica Contra o Ocidente\" srcset=\"https:\/\/editoraarsregia.com\/wp-content\/uploads\/2024\/04\/HACCO02-300x300.png 300w, https:\/\/editoraarsregia.com\/wp-content\/uploads\/2024\/04\/HACCO02-150x150.png 150w, https:\/\/editoraarsregia.com\/wp-content\/uploads\/2024\/04\/HACCO02-100x100.png 100w, https:\/\/editoraarsregia.com\/wp-content\/uploads\/2024\/04\/HACCO02.png 600w\" sizes=\"(max-width: 300px) 100vw, 300px\" \/><h2 class=\"woocommerce-loop-product__title\">Alberto Buela &#8211; Hispano-Am\u00e9rica Contra o Ocidente<\/h2>\n\t<span class=\"price\"><span class=\"woocommerce-Price-amount amount\"><bdi><span class=\"woocommerce-Price-currencySymbol\">&#82;&#36;<\/span>&nbsp;38,80<\/bdi><\/span><\/span>\n<\/a><a href=\"\/index.php?rest_route=%2Fwp%2Fv2%2Fpages%2F342&#038;add-to-cart=600\" aria-describedby=\"woocommerce_loop_add_to_cart_link_describedby_600\" data-quantity=\"1\" class=\"button product_type_simple add_to_cart_button ajax_add_to_cart\" data-product_id=\"600\" data-product_sku=\"\" aria-label=\"Adicione ao carrinho: &ldquo;Alberto Buela - Hispano-Am\u00e9rica Contra o Ocidente&rdquo;\" rel=\"nofollow\" data-success_message=\"\u201cAlberto Buela - Hispano-Am\u00e9rica Contra o Ocidente\u201d foi adicionado ao seu carrinho\" role=\"button\">Adicionar ao carrinho<\/a>\t<span id=\"woocommerce_loop_add_to_cart_link_describedby_600\" class=\"screen-reader-text\">\n\t\t\t<\/span>\n<\/li>\n<li class=\"product type-product post-541 status-publish first instock product_cat-livro has-post-thumbnail featured shipping-taxable purchasable product-type-simple\">\n\t<a href=\"https:\/\/editoraarsregia.com\/?product=alexander-dugin-a-quarta-teoria-politica\" class=\"woocommerce-LoopProduct-link woocommerce-loop-product__link\"><img loading=\"lazy\" decoding=\"async\" width=\"300\" height=\"300\" src=\"https:\/\/editoraarsregia.com\/wp-content\/uploads\/2024\/04\/QTP01-300x300.png\" class=\"attachment-woocommerce_thumbnail size-woocommerce_thumbnail\" alt=\"Alexander Dugin - A Quarta Teoria Pol\u00edtica\" srcset=\"https:\/\/editoraarsregia.com\/wp-content\/uploads\/2024\/04\/QTP01-300x300.png 300w, https:\/\/editoraarsregia.com\/wp-content\/uploads\/2024\/04\/QTP01-150x150.png 150w, https:\/\/editoraarsregia.com\/wp-content\/uploads\/2024\/04\/QTP01-100x100.png 100w, https:\/\/editoraarsregia.com\/wp-content\/uploads\/2024\/04\/QTP01.png 600w\" sizes=\"(max-width: 300px) 100vw, 300px\" \/><h2 class=\"woocommerce-loop-product__title\">Alexander Dugin &#8211; A Quarta Teoria Pol\u00edtica<\/h2>\n\t<span class=\"price\"><span class=\"woocommerce-Price-amount amount\"><bdi><span class=\"woocommerce-Price-currencySymbol\">&#82;&#36;<\/span>&nbsp;61,80<\/bdi><\/span><\/span>\n<\/a><a href=\"\/index.php?rest_route=%2Fwp%2Fv2%2Fpages%2F342&#038;add-to-cart=541\" aria-describedby=\"woocommerce_loop_add_to_cart_link_describedby_541\" data-quantity=\"1\" class=\"button product_type_simple add_to_cart_button ajax_add_to_cart\" data-product_id=\"541\" data-product_sku=\"\" aria-label=\"Adicione ao carrinho: &ldquo;Alexander Dugin - A Quarta Teoria Pol\u00edtica&rdquo;\" rel=\"nofollow\" data-success_message=\"\u201cAlexander Dugin - A Quarta Teoria Pol\u00edtica\u201d foi adicionado ao seu carrinho\" role=\"button\">Adicionar ao carrinho<\/a>\t<span id=\"woocommerce_loop_add_to_cart_link_describedby_541\" class=\"screen-reader-text\">\n\t\t\t<\/span>\n<\/li>\n<li class=\"product type-product post-553 status-publish instock product_cat-livro has-post-thumbnail shipping-taxable purchasable product-type-simple\">\n\t<a href=\"https:\/\/editoraarsregia.com\/?product=alexander-dugin-platonismo-politico\" class=\"woocommerce-LoopProduct-link woocommerce-loop-product__link\"><img loading=\"lazy\" decoding=\"async\" width=\"300\" height=\"300\" src=\"https:\/\/editoraarsregia.com\/wp-content\/uploads\/2024\/04\/PP01-300x300.png\" class=\"attachment-woocommerce_thumbnail size-woocommerce_thumbnail\" alt=\"Alexander Dugin - Platonismo Pol\u00edtico\" srcset=\"https:\/\/editoraarsregia.com\/wp-content\/uploads\/2024\/04\/PP01-300x300.png 300w, https:\/\/editoraarsregia.com\/wp-content\/uploads\/2024\/04\/PP01-150x150.png 150w, https:\/\/editoraarsregia.com\/wp-content\/uploads\/2024\/04\/PP01-100x100.png 100w, https:\/\/editoraarsregia.com\/wp-content\/uploads\/2024\/04\/PP01.png 600w\" sizes=\"(max-width: 300px) 100vw, 300px\" \/><h2 class=\"woocommerce-loop-product__title\">Alexander Dugin &#8211; Platonismo Pol\u00edtico<\/h2>\n\t<span class=\"price\"><span class=\"woocommerce-Price-amount amount\"><bdi><span class=\"woocommerce-Price-currencySymbol\">&#82;&#36;<\/span>&nbsp;40,80<\/bdi><\/span><\/span>\n<\/a><a href=\"\/index.php?rest_route=%2Fwp%2Fv2%2Fpages%2F342&#038;add-to-cart=553\" aria-describedby=\"woocommerce_loop_add_to_cart_link_describedby_553\" data-quantity=\"1\" class=\"button product_type_simple add_to_cart_button ajax_add_to_cart\" data-product_id=\"553\" data-product_sku=\"\" aria-label=\"Adicione ao carrinho: &ldquo;Alexander Dugin - Platonismo Pol\u00edtico&rdquo;\" rel=\"nofollow\" data-success_message=\"\u201cAlexander Dugin - Platonismo Pol\u00edtico\u201d foi adicionado ao seu carrinho\" role=\"button\">Adicionar ao carrinho<\/a>\t<span id=\"woocommerce_loop_add_to_cart_link_describedby_553\" class=\"screen-reader-text\">\n\t\t\t<\/span>\n<\/li>\n<li class=\"product type-product post-550 status-publish last outofstock product_cat-livro has-post-thumbnail shipping-taxable purchasable product-type-simple\">\n\t<a href=\"https:\/\/editoraarsregia.com\/?product=alexander-dugin-teoria-do-mundo-multipolar\" class=\"woocommerce-LoopProduct-link woocommerce-loop-product__link\"><img loading=\"lazy\" decoding=\"async\" width=\"300\" height=\"300\" src=\"https:\/\/editoraarsregia.com\/wp-content\/uploads\/2024\/04\/TMM01-300x300.png\" class=\"attachment-woocommerce_thumbnail size-woocommerce_thumbnail\" alt=\"Alexander Dugin - Teoria do Mundo Multipolar\" srcset=\"https:\/\/editoraarsregia.com\/wp-content\/uploads\/2024\/04\/TMM01-300x300.png 300w, https:\/\/editoraarsregia.com\/wp-content\/uploads\/2024\/04\/TMM01-150x150.png 150w, https:\/\/editoraarsregia.com\/wp-content\/uploads\/2024\/04\/TMM01-100x100.png 100w, https:\/\/editoraarsregia.com\/wp-content\/uploads\/2024\/04\/TMM01.png 600w\" sizes=\"(max-width: 300px) 100vw, 300px\" \/><h2 class=\"woocommerce-loop-product__title\">Alexander Dugin &#8211; Teoria do Mundo Multipolar<\/h2>\n\t<span class=\"price\"><span class=\"woocommerce-Price-amount amount\"><bdi><span class=\"woocommerce-Price-currencySymbol\">&#82;&#36;<\/span>&nbsp;84,42<\/bdi><\/span><\/span>\n<\/a><a href=\"https:\/\/editoraarsregia.com\/?product=alexander-dugin-teoria-do-mundo-multipolar\" aria-describedby=\"woocommerce_loop_add_to_cart_link_describedby_550\" data-quantity=\"1\" class=\"button product_type_simple\" data-product_id=\"550\" data-product_sku=\"\" aria-label=\"Leia mais sobre &ldquo;Alexander Dugin - Teoria do Mundo Multipolar&rdquo;\" rel=\"nofollow\" data-success_message=\"\">Leia mais<\/a>\t<span id=\"woocommerce_loop_add_to_cart_link_describedby_550\" class=\"screen-reader-text\">\n\t\t\t<\/span>\n<\/li>\n<li class=\"product type-product post-595 status-publish first instock product_cat-livro has-post-thumbnail shipping-taxable purchasable product-type-simple\">\n\t<a href=\"https:\/\/editoraarsregia.com\/?product=diego-fusaro-globalizacao-infeliz\" class=\"woocommerce-LoopProduct-link woocommerce-loop-product__link\"><img loading=\"lazy\" decoding=\"async\" width=\"300\" height=\"300\" src=\"https:\/\/editoraarsregia.com\/wp-content\/uploads\/2024\/04\/GI01-300x300.png\" class=\"attachment-woocommerce_thumbnail size-woocommerce_thumbnail\" alt=\"Diego Fusaro - Globaliza\u00e7\u00e3o Infeliz\" srcset=\"https:\/\/editoraarsregia.com\/wp-content\/uploads\/2024\/04\/GI01-300x300.png 300w, https:\/\/editoraarsregia.com\/wp-content\/uploads\/2024\/04\/GI01-150x150.png 150w, https:\/\/editoraarsregia.com\/wp-content\/uploads\/2024\/04\/GI01-100x100.png 100w, https:\/\/editoraarsregia.com\/wp-content\/uploads\/2024\/04\/GI01.png 600w\" sizes=\"(max-width: 300px) 100vw, 300px\" \/><h2 class=\"woocommerce-loop-product__title\">Diego Fusaro &#8211; Globaliza\u00e7\u00e3o Infeliz<\/h2>\n\t<span class=\"price\"><span class=\"woocommerce-Price-amount amount\"><bdi><span class=\"woocommerce-Price-currencySymbol\">&#82;&#36;<\/span>&nbsp;44,00<\/bdi><\/span><\/span>\n<\/a><a href=\"\/index.php?rest_route=%2Fwp%2Fv2%2Fpages%2F342&#038;add-to-cart=595\" aria-describedby=\"woocommerce_loop_add_to_cart_link_describedby_595\" data-quantity=\"1\" class=\"button product_type_simple add_to_cart_button ajax_add_to_cart\" data-product_id=\"595\" data-product_sku=\"\" aria-label=\"Adicione ao carrinho: &ldquo;Diego Fusaro - Globaliza\u00e7\u00e3o Infeliz&rdquo;\" rel=\"nofollow\" data-success_message=\"\u201cDiego Fusaro - Globaliza\u00e7\u00e3o Infeliz\u201d foi adicionado ao seu carrinho\" role=\"button\">Adicionar ao carrinho<\/a>\t<span id=\"woocommerce_loop_add_to_cart_link_describedby_595\" class=\"screen-reader-text\">\n\t\t\t<\/span>\n<\/li>\n<li class=\"product type-product post-740 status-publish instock product_cat-livro has-post-thumbnail shipping-taxable purchasable product-type-simple\">\n\t<a href=\"https:\/\/editoraarsregia.com\/?product=diego-fusaro-golpe-global\" class=\"woocommerce-LoopProduct-link woocommerce-loop-product__link\"><img loading=\"lazy\" decoding=\"async\" width=\"300\" height=\"300\" src=\"https:\/\/editoraarsregia.com\/wp-content\/uploads\/2025\/01\/WhatsApp-Image-2024-11-24-at-18.54.332-300x300.jpeg\" class=\"attachment-woocommerce_thumbnail size-woocommerce_thumbnail\" alt=\"Golpe Global\" srcset=\"https:\/\/editoraarsregia.com\/wp-content\/uploads\/2025\/01\/WhatsApp-Image-2024-11-24-at-18.54.332-300x300.jpeg 300w, https:\/\/editoraarsregia.com\/wp-content\/uploads\/2025\/01\/WhatsApp-Image-2024-11-24-at-18.54.332-150x150.jpeg 150w, https:\/\/editoraarsregia.com\/wp-content\/uploads\/2025\/01\/WhatsApp-Image-2024-11-24-at-18.54.332-100x100.jpeg 100w\" sizes=\"(max-width: 300px) 100vw, 300px\" \/><h2 class=\"woocommerce-loop-product__title\">Diego Fusaro &#8211; Golpe Global<\/h2>\n\t<span class=\"price\"><span class=\"woocommerce-Price-amount amount\"><bdi><span class=\"woocommerce-Price-currencySymbol\">&#82;&#36;<\/span>&nbsp;56,35<\/bdi><\/span><\/span>\n<\/a><a href=\"\/index.php?rest_route=%2Fwp%2Fv2%2Fpages%2F342&#038;add-to-cart=740\" aria-describedby=\"woocommerce_loop_add_to_cart_link_describedby_740\" data-quantity=\"1\" class=\"button product_type_simple add_to_cart_button ajax_add_to_cart\" data-product_id=\"740\" data-product_sku=\"\" aria-label=\"Adicione ao carrinho: &ldquo;Diego Fusaro - Golpe Global&rdquo;\" rel=\"nofollow\" data-success_message=\"\u201cDiego Fusaro - Golpe Global\u201d foi adicionado ao seu carrinho\" role=\"button\">Adicionar ao carrinho<\/a>\t<span id=\"woocommerce_loop_add_to_cart_link_describedby_740\" class=\"screen-reader-text\">\n\t\t\t<\/span>\n<\/li>\n<li class=\"product type-product post-797 status-publish last instock product_cat-livro has-post-thumbnail shipping-taxable purchasable product-type-simple\">\n\t<a href=\"https:\/\/editoraarsregia.com\/?product=fundamentos-da-geopolitica\" class=\"woocommerce-LoopProduct-link woocommerce-loop-product__link\"><img loading=\"lazy\" decoding=\"async\" width=\"300\" height=\"300\" src=\"https:\/\/editoraarsregia.com\/wp-content\/uploads\/2025\/02\/fundamentos-removebg-preview-300x300.png\" class=\"attachment-woocommerce_thumbnail size-woocommerce_thumbnail\" alt=\"Fundamentos da geopol\u00edtica\" srcset=\"https:\/\/editoraarsregia.com\/wp-content\/uploads\/2025\/02\/fundamentos-removebg-preview-300x300.png 300w, https:\/\/editoraarsregia.com\/wp-content\/uploads\/2025\/02\/fundamentos-removebg-preview-150x150.png 150w, https:\/\/editoraarsregia.com\/wp-content\/uploads\/2025\/02\/fundamentos-removebg-preview-100x100.png 100w\" sizes=\"(max-width: 300px) 100vw, 300px\" \/><h2 class=\"woocommerce-loop-product__title\">Fundamentos da geopol\u00edtica<\/h2>\n\t<span class=\"price\"><span class=\"woocommerce-Price-amount amount\"><bdi><span class=\"woocommerce-Price-currencySymbol\">&#82;&#36;<\/span>&nbsp;79,75<\/bdi><\/span><\/span>\n<\/a><a href=\"\/index.php?rest_route=%2Fwp%2Fv2%2Fpages%2F342&#038;add-to-cart=797\" aria-describedby=\"woocommerce_loop_add_to_cart_link_describedby_797\" data-quantity=\"1\" class=\"button product_type_simple add_to_cart_button ajax_add_to_cart\" data-product_id=\"797\" data-product_sku=\"\" aria-label=\"Adicione ao carrinho: &ldquo;Fundamentos da geopol\u00edtica&rdquo;\" rel=\"nofollow\" data-success_message=\"\u201cFundamentos da geopol\u00edtica\u201d foi adicionado ao seu carrinho\" role=\"button\">Adicionar ao carrinho<\/a>\t<span id=\"woocommerce_loop_add_to_cart_link_describedby_797\" class=\"screen-reader-text\">\n\t\t\t<\/span>\n<\/li>\n<li class=\"product type-product post-606 status-publish first instock product_cat-livro has-post-thumbnail shipping-taxable purchasable product-type-simple\">\n\t<a href=\"https:\/\/editoraarsregia.com\/?product=joao-franco-a-ideia-juche\" class=\"woocommerce-LoopProduct-link woocommerce-loop-product__link\"><img loading=\"lazy\" decoding=\"async\" width=\"300\" height=\"300\" src=\"https:\/\/editoraarsregia.com\/wp-content\/uploads\/2024\/04\/JUCHE01-300x300.png\" class=\"attachment-woocommerce_thumbnail size-woocommerce_thumbnail\" alt=\"Jo\u00e3o Franco - A Ideia Juche\" srcset=\"https:\/\/editoraarsregia.com\/wp-content\/uploads\/2024\/04\/JUCHE01-300x300.png 300w, https:\/\/editoraarsregia.com\/wp-content\/uploads\/2024\/04\/JUCHE01-150x150.png 150w, https:\/\/editoraarsregia.com\/wp-content\/uploads\/2024\/04\/JUCHE01-100x100.png 100w, https:\/\/editoraarsregia.com\/wp-content\/uploads\/2024\/04\/JUCHE01.png 600w\" sizes=\"(max-width: 300px) 100vw, 300px\" \/><h2 class=\"woocommerce-loop-product__title\">Jo\u00e3o Franco &#8211; A Ideia Juche<\/h2>\n\t<span class=\"price\"><span class=\"woocommerce-Price-amount amount\"><bdi><span class=\"woocommerce-Price-currencySymbol\">&#82;&#36;<\/span>&nbsp;42,80<\/bdi><\/span><\/span>\n<\/a><a href=\"\/index.php?rest_route=%2Fwp%2Fv2%2Fpages%2F342&#038;add-to-cart=606\" aria-describedby=\"woocommerce_loop_add_to_cart_link_describedby_606\" data-quantity=\"1\" class=\"button product_type_simple add_to_cart_button ajax_add_to_cart\" data-product_id=\"606\" data-product_sku=\"\" aria-label=\"Adicione ao carrinho: &ldquo;Jo\u00e3o Franco - A Ideia Juche&rdquo;\" rel=\"nofollow\" data-success_message=\"\u201cJo\u00e3o Franco - A Ideia Juche\u201d foi adicionado ao seu carrinho\" role=\"button\">Adicionar ao carrinho<\/a>\t<span id=\"woocommerce_loop_add_to_cart_link_describedby_606\" class=\"screen-reader-text\">\n\t\t\t<\/span>\n<\/li>\n<li class=\"product type-product post-597 status-publish instock product_cat-livro has-post-thumbnail shipping-taxable purchasable product-type-simple\">\n\t<a href=\"https:\/\/editoraarsregia.com\/?product=jose-alsina-calves-o-hispanismo-como-quarta-teoria-politica\" class=\"woocommerce-LoopProduct-link woocommerce-loop-product__link\"><img loading=\"lazy\" decoding=\"async\" width=\"300\" height=\"300\" src=\"https:\/\/editoraarsregia.com\/wp-content\/uploads\/2024\/04\/HCQTP01-300x300.png\" class=\"attachment-woocommerce_thumbnail size-woocommerce_thumbnail\" alt=\"Jos\u00e9 Alsina Calv\u00e9s - O Hispanismo como Quarta Teoria Pol\u00edtica\" srcset=\"https:\/\/editoraarsregia.com\/wp-content\/uploads\/2024\/04\/HCQTP01-300x300.png 300w, https:\/\/editoraarsregia.com\/wp-content\/uploads\/2024\/04\/HCQTP01-150x150.png 150w, https:\/\/editoraarsregia.com\/wp-content\/uploads\/2024\/04\/HCQTP01-100x100.png 100w, https:\/\/editoraarsregia.com\/wp-content\/uploads\/2024\/04\/HCQTP01.png 600w\" sizes=\"(max-width: 300px) 100vw, 300px\" \/><h2 class=\"woocommerce-loop-product__title\">Jos\u00e9 Alsina Calv\u00e9s &#8211; O Hispanismo como Quarta Teoria Pol\u00edtica<\/h2>\n\t<span class=\"price\"><span class=\"woocommerce-Price-amount amount\"><bdi><span class=\"woocommerce-Price-currencySymbol\">&#82;&#36;<\/span>&nbsp;45,00<\/bdi><\/span><\/span>\n<\/a><a href=\"\/index.php?rest_route=%2Fwp%2Fv2%2Fpages%2F342&#038;add-to-cart=597\" aria-describedby=\"woocommerce_loop_add_to_cart_link_describedby_597\" data-quantity=\"1\" class=\"button product_type_simple add_to_cart_button ajax_add_to_cart\" data-product_id=\"597\" data-product_sku=\"\" aria-label=\"Adicione ao carrinho: &ldquo;Jos\u00e9 Alsina Calv\u00e9s - O Hispanismo como Quarta Teoria Pol\u00edtica&rdquo;\" rel=\"nofollow\" data-success_message=\"\u201cJos\u00e9 Alsina Calv\u00e9s - O Hispanismo como Quarta Teoria Pol\u00edtica\u201d foi adicionado ao seu carrinho\" role=\"button\">Adicionar ao carrinho<\/a>\t<span id=\"woocommerce_loop_add_to_cart_link_describedby_597\" class=\"screen-reader-text\">\n\t\t\t<\/span>\n<\/li>\n<li class=\"product type-product post-801 status-publish last instock product_cat-livro has-post-thumbnail shipping-taxable purchasable product-type-simple\">\n\t<a href=\"https:\/\/editoraarsregia.com\/?product=leonid-savin-guerra-hibrida-e-zona-cinzenta\" class=\"woocommerce-LoopProduct-link woocommerce-loop-product__link\"><img loading=\"lazy\" decoding=\"async\" width=\"300\" height=\"300\" src=\"https:\/\/editoraarsregia.com\/wp-content\/uploads\/2025\/02\/guerra-removebg-preview-300x300.png\" class=\"attachment-woocommerce_thumbnail size-woocommerce_thumbnail\" alt=\"Leonid Savin - Guerra hibrida e zona cinzenta\" srcset=\"https:\/\/editoraarsregia.com\/wp-content\/uploads\/2025\/02\/guerra-removebg-preview-300x300.png 300w, https:\/\/editoraarsregia.com\/wp-content\/uploads\/2025\/02\/guerra-removebg-preview-150x150.png 150w, https:\/\/editoraarsregia.com\/wp-content\/uploads\/2025\/02\/guerra-removebg-preview-100x100.png 100w\" sizes=\"(max-width: 300px) 100vw, 300px\" \/><h2 class=\"woocommerce-loop-product__title\">Leonid Savin &#8211; Guerra hibrida e zona cinzenta<\/h2>\n\t<span class=\"price\"><span class=\"woocommerce-Price-amount amount\"><bdi><span class=\"woocommerce-Price-currencySymbol\">&#82;&#36;<\/span>&nbsp;47,80<\/bdi><\/span><\/span>\n<\/a><a href=\"\/index.php?rest_route=%2Fwp%2Fv2%2Fpages%2F342&#038;add-to-cart=801\" aria-describedby=\"woocommerce_loop_add_to_cart_link_describedby_801\" data-quantity=\"1\" class=\"button product_type_simple add_to_cart_button ajax_add_to_cart\" data-product_id=\"801\" data-product_sku=\"\" aria-label=\"Adicione ao carrinho: &ldquo;Leonid Savin - Guerra hibrida e zona cinzenta&rdquo;\" rel=\"nofollow\" data-success_message=\"\u201cLeonid Savin - Guerra hibrida e zona cinzenta\u201d foi adicionado ao seu carrinho\" role=\"button\">Adicionar ao carrinho<\/a>\t<span id=\"woocommerce_loop_add_to_cart_link_describedby_801\" class=\"screen-reader-text\">\n\t\t\t<\/span>\n<\/li>\n<\/ul>\n<\/div>\n","protected":false},"excerpt":{"rendered":"","protected":false},"author":1,"featured_media":0,"parent":0,"menu_order":0,"comment_status":"closed","ping_status":"closed","template":"","meta":{"_monsterinsights_skip_tracking":false,"_monsterinsights_sitenote_active":false,"_monsterinsights_sitenote_note":"","_monsterinsights_sitenote_category":0,"_joinchat":[],"footnotes":""},"class_list":["post-342","page","type-page","status-publish","hentry"],"blocksy_meta":{"page_title_panel":"","has_hero_section":"disabled","ca408bac51dcb9bebe89ae8b4f61bac4":"","hero_section":"type-2","hero_alignment1":"left","hero_alignment2":"center","hero_height":{"0":"2","1":"3","2":"0","3":"p","4":"x","desktop":"600px","tablet":"500px","mobile":"400px","__changed":["tablet","tablet","mobile","mobile"]},"page_title_bg_type":"custom_image","custom_hero_background":{"attachment_id":121,"url":"https:\/\/demo.creativethemes.com\/elementor\/modern-shop\/wp-content\/uploads\/2020\/03\/balazs-busznyak-3mtcyvbAqzM-unsplash-1024x422.jpg"},"parallax":{"desktop":true,"tablet":false,"mobile":false},"af9301a3d562ad1ee5149d665c6678f7":"","single_meta_elements":{"author":false,"date":false,"categories":false,"comments":false,"updated":false,"tags":false},"has_meta_label":"yes","has_meta_avatar":"yes","date_format_source":"custom","single_meta_date_format":"M j, Y","5e88965349a5131a386b5afbb005459d":"","page_excerpt_visibility":{"desktop":true,"tablet":true,"mobile":true},"pageTitleFont":{"family":"Default","variation":"n9","size":{"desktop":"55px","tablet":"40px","mobile":"30px","__changed":["tablet","tablet","mobile","mobile","mobile"]},"line-height":"1.3","letter-spacing":"CT_CSS_SKIP_RULE","text-transform":"CT_CSS_SKIP_RULE","text-decoration":"CT_CSS_SKIP_RULE"},"pageTitleFontColor":{"default":{"color":"CT_CSS_SKIP_RULEDEFAULT"}},"pageMetaFont":{"family":"Default","variation":"n6","size":{"desktop":"12px","tablet":"12px","mobile":"12px"},"line-height":"1.3","letter-spacing":"CT_CSS_SKIP_RULE","text-transform":"uppercase","text-decoration":"CT_CSS_SKIP_RULE"},"pageMetaFontColor":{"default":{"color":"CT_CSS_SKIP_RULEDEFAULT"},"hover":{"color":"CT_CSS_SKIP_RULEDEFAULT"}},"pageExcerptFont":{"family":"Default","variation":"n5","size":"CT_CSS_SKIP_RULE","line-height":"CT_CSS_SKIP_RULE","letter-spacing":"CT_CSS_SKIP_RULE","text-transform":"CT_CSS_SKIP_RULE","text-decoration":"CT_CSS_SKIP_RULE"},"pageExcerptColor":{"default":{"color":"CT_CSS_SKIP_RULEDEFAULT"}},"pageTitleOverlay":{"default":{"color":"CT_CSS_SKIP_RULE"}},"pageTitleBackground":{"background_type":"color","background_pattern":"type-1","background_image":{"attachment_id":null,"x":0,"y":0},"background_repeat":"no-repeat","background_size":"auto","background_attachment":"scroll","patternColor":{"default":{"color":"#e5e7ea"}},"backgroundColor":{"default":{"color":"#EDEFF2"}},"default":{"color":"#EDEFF2"}},"282ec0a124d34d30d0d8d3a9c523dbac":"","page_structure_type":"type-1","page_enable_vertical_spacing":"yes","cbbde535f644fc423e9a6766ced4a7f8":"","disable_featured_image":"no","74525664560c40b1fddeed8df99ff73d":"","8b567b42aa9789a2d383c103bdcddf78":"","18bd84f9503f175bb0aef0747cc76ed4":"","0870e10555acdcbe2c2242a74e7a36ab":"","4f9767c69a1b58ce278f6af330f81cce":"","0dcf98d593a5841c1d4a9e42f4d16483":"","76185a1740eab568196cb8afd2e18caf":"","e3ec5fb8b5b2c3e51be0632aacba027e":"","a2a1a09e1bbd3dfdce11730920eed479":"","e44cb18390ea10605857667ed41a36b6":"","ecbb1f7832e5657c0ebc01ba76f8d6dd":"","a804b9bb6012924197a1bd28d013cb93":"","95a53b3c6213793f2e4e9f807f63bb56":"","1de70472ecf8b6914b908cab64081169":"","659a7899ff6d700dcdd5873d2fa92c51":"","172d30965e66430495166bc73429a901":"","hero_elements":[{"id":"custom_title","enabled":true,"heading_tag":"h1","title":"Home"},{"id":"custom_description","enabled":true,"description_visibility":{"desktop":true,"tablet":true,"mobile":false}},{"id":"custom_meta","enabled":false,"meta_elements":[{"id":"author","enabled":true,"label":"By","has_author_avatar":"yes","avatar_size":25},{"id":"post_date","enabled":true,"label":"On","date_format_source":"default","date_format":"M j, Y"},{"id":"comments","enabled":true}],"page_meta_elements":{"joined":true,"articles_count":true,"comments":true}},{"id":"breadcrumbs","enabled":false}],"cc46d5c7885f8a6f23420d5b88a137f5":"","hero_vertical_alignment":"center","hero_structure":"narrow","breadcrumbsFont":{"family":"Default","variation":"n6","size":"12px","line-height":"CT_CSS_SKIP_RULE","letter-spacing":"CT_CSS_SKIP_RULE","text-transform":"uppercase","text-decoration":"CT_CSS_SKIP_RULE"},"breadcrumbsFontColor":{"default":{"color":"CT_CSS_SKIP_RULEDEFAULT"},"initial":{"color":"CT_CSS_SKIP_RULEDEFAULT"},"hover":{"color":"CT_CSS_SKIP_RULEDEFAULT"}},"d418504559648fe9acdd0289cedd3b6d":"","content_style":"inherit","vertical_spacing_source":"inherit","content_area_spacing":"both","background":{"background_type":"color","background_pattern":"type-1","background_image":{"attachment_id":null,"x":0,"y":0},"background_repeat":"no-repeat","background_size":"auto","background_attachment":"scroll","patternColor":{"default":{"color":"#e5e7ea"}},"backgroundColor":{"default":{"color":"CT_CSS_SKIP_RULE"}}},"content_background":{"background_type":"color","background_pattern":"type-1","background_image":{"attachment_id":null,"x":0,"y":0},"background_repeat":"no-repeat","background_size":"auto","background_attachment":"scroll","patternColor":{"default":{"color":"#e5e7ea"}},"backgroundColor":{"default":{"color":"#ffffff"}}},"content_boxed_spacing":{"desktop":"40px","tablet":"35px","mobile":"20px"},"content_boxed_radius":{"top":"3px","bottom":"3px","left":"3px","right":"3px","linked":true},"content_boxed_shadow":{"blur":18,"spread":-6,"v_offset":12,"h_offset":0,"inset":false,"enable":true,"color":{"color":"rgba(34, 56, 101, 0.04)"}},"526bd93416e432c5eab78cd6e0d2e021":"","ae6f1d97ab29906e8ead882aa6a3dab2":"","c06f63c19bd431abf7a8f76f180f2f4f":"","1f4d31e3e256da9d99bc531520a76945":"","0da82cd6c913f52f526d6f023108ed88":"","aaa9e52e8e795eb3c558fa5302130140":"","disable_header":"no","disable_footer":"no","styles_descriptor":{"styles":{"desktop":"","tablet":"","mobile":""},"google_fonts":[],"version":6}},"aioseo_notices":[],"jetpack_sharing_enabled":true,"_links":{"self":[{"href":"https:\/\/editoraarsregia.com\/index.php?rest_route=\/wp\/v2\/pages\/342","targetHints":{"allow":["GET"]}}],"collection":[{"href":"https:\/\/editoraarsregia.com\/index.php?rest_route=\/wp\/v2\/pages"}],"about":[{"href":"https:\/\/editoraarsregia.com\/index.php?rest_route=\/wp\/v2\/types\/page"}],"author":[{"embeddable":true,"href":"https:\/\/editoraarsregia.com\/index.php?rest_route=\/wp\/v2\/users\/1"}],"replies":[{"embeddable":true,"href":"https:\/\/editoraarsregia.com\/index.php?rest_route=%2Fwp%2Fv2%2Fcomments&post=342"}],"version-history":[{"count":1,"href":"https:\/\/editoraarsregia.com\/index.php?rest_route=\/wp\/v2\/pages\/342\/revisions"}],"predecessor-version":[{"id":609,"href":"https:\/\/editoraarsregia.com\/index.php?rest_route=\/wp\/v2\/pages\/342\/revisions\/609"}],"wp:attachment":[{"href":"https:\/\/editoraarsregia.com\/index.php?rest_route=%2Fwp%2Fv2%2Fmedia&parent=342"}],"curies":[{"name":"wp","href":"https:\/\/api.w.org\/{rel}","templated":true}]}}