{"id":763,"date":"2025-02-25T16:18:27","date_gmt":"2025-02-25T19:18:27","guid":{"rendered":"https:\/\/editoraarsregia.com\/?page_id=763"},"modified":"2026-04-15T10:51:23","modified_gmt":"2026-04-15T13:51:23","slug":"conheca-o-ordo-pluriversalis","status":"publish","type":"page","link":"https:\/\/editoraarsregia.com\/?page_id=763","title":{"rendered":"Conhe\u00e7a o Ordo Pluriversalis"},"content":{"rendered":"\t\t<div data-elementor-type=\"wp-page\" data-elementor-id=\"763\" class=\"elementor elementor-763\">\n\t\t\t\t<div class=\"elementor-element elementor-element-a08ae48 e-flex e-con-boxed e-con e-parent\" data-id=\"a08ae48\" data-element_type=\"container\" data-e-type=\"container\">\n\t\t\t\t\t<div class=\"e-con-inner\">\n\t\t\t\t<div class=\"elementor-element elementor-element-884efb8 elementor-widget elementor-widget-heading\" data-id=\"884efb8\" data-element_type=\"widget\" data-e-type=\"widget\" data-widget_type=\"heading.default\">\n\t\t\t\t<div class=\"elementor-widget-container\">\n\t\t\t\t\t<h2 class=\"elementor-heading-title elementor-size-default\">Ordo Pluriversalis<\/h2>\t\t\t\t<\/div>\n\t\t\t\t<\/div>\n\t\t\t\t\t<\/div>\n\t\t\t\t<\/div>\n\t\t<div class=\"elementor-element elementor-element-46802a0 e-flex e-con-boxed e-con e-parent\" data-id=\"46802a0\" data-element_type=\"container\" data-e-type=\"container\">\n\t\t\t\t\t<div class=\"e-con-inner\">\n\t\t\t\t<div class=\"elementor-element elementor-element-26a775d elementor-widget__width-initial elementor-widget elementor-widget-image\" data-id=\"26a775d\" data-element_type=\"widget\" data-e-type=\"widget\" data-widget_type=\"image.default\">\n\t\t\t\t<div class=\"elementor-widget-container\">\n\t\t\t\t\t\t\t\t\t\t\t\t\t\t\t\t<a href=\"https:\/\/loja.uiclap.com\/titulo\/ua71539\/\">\n\t\t\t\t\t\t\t<img fetchpriority=\"high\" decoding=\"async\" width=\"529\" height=\"800\" src=\"https:\/\/editoraarsregia.com\/wp-content\/uploads\/2025\/02\/ua71539.jpg\" class=\"attachment-large size-large wp-image-771\" alt=\"\" srcset=\"https:\/\/editoraarsregia.com\/wp-content\/uploads\/2025\/02\/ua71539.jpg 529w, https:\/\/editoraarsregia.com\/wp-content\/uploads\/2025\/02\/ua71539-198x300.jpg 198w, https:\/\/editoraarsregia.com\/wp-content\/uploads\/2025\/02\/ua71539-300x454.jpg 300w\" sizes=\"(max-width: 529px) 100vw, 529px\" \/>\t\t\t\t\t\t\t\t<\/a>\n\t\t\t\t\t\t\t\t\t\t\t\t\t\t\t<\/div>\n\t\t\t\t<\/div>\n\t\t\t\t<div class=\"elementor-element elementor-element-684651a elementor-widget elementor-widget-text-editor\" data-id=\"684651a\" data-element_type=\"widget\" data-e-type=\"widget\" data-widget_type=\"text-editor.default\">\n\t\t\t\t<div class=\"elementor-widget-container\">\n\t\t\t\t\t\t\t\t\t<p>Autor: <b>Leonid Savin<\/b><br \/>Tradutor: <b>Raphael Machado<\/b><\/p><p>A partir do in\u00edcio dos anos 90, o mundo passou a viver sob a sombra vigilante da \u00fanica hiperpot\u00eancia mundial, os Estados Unidos da Am\u00e9rica. Era a PAX AMERICANA, que segundo os polit\u00f3logos neoconservadores inauguraria o Fim da Hist\u00f3ria. Mas os profetas da unipolaridade estavam errados. Ao longo dos \u00faltimos 20 anos temos visto a ascens\u00e3o de novas pot\u00eancias com uma influ\u00eancia global crescente a n\u00edvel regional ou mesmo global: China, R\u00fassia, \u00cdndia, Ir\u00e3 e a pr\u00f3pria Uni\u00e3o Europeia parecem tentar construir seus pr\u00f3prios caminhos e se tornarem polos de poder, em paridade com os EUA. O mundo parece caminhar em dire\u00e7\u00e3o \u00e0 multipolaridade. Mas uma ordem mundial multipolar \u00e9 algo ainda a ser constru\u00eddo. Com Ordo Pluriversalis, Leonid Savin pretende oferecer ferramentas intelectuais, deduzidas a partir das cosmovis\u00f5es de v\u00e1rias culturas, civiliza\u00e7\u00f5es e religi\u00f5es, que podem auxiliar nessa tarefa.<\/p>\t\t\t\t\t\t\t\t<\/div>\n\t\t\t\t<\/div>\n\t\t\t\t\t<\/div>\n\t\t\t\t<\/div>\n\t\t<div class=\"elementor-element elementor-element-be38aab e-flex e-con-boxed e-con e-parent\" data-id=\"be38aab\" data-element_type=\"container\" data-e-type=\"container\">\n\t\t\t\t\t<div class=\"e-con-inner\">\n\t\t\t\t<div class=\"elementor-element elementor-element-9151488 elementor-button-success elementor-align-justify elementor-widget elementor-widget-button\" data-id=\"9151488\" data-element_type=\"widget\" data-e-type=\"widget\" data-widget_type=\"button.default\">\n\t\t\t\t<div class=\"elementor-widget-container\">\n\t\t\t\t\t\t\t\t\t<div class=\"elementor-button-wrapper\">\n\t\t\t\t\t<a class=\"elementor-button elementor-button-link elementor-size-sm\" href=\"https:\/\/loja.uiclap.com\/titulo\/ua71539\/\">\n\t\t\t\t\t\t<span class=\"elementor-button-content-wrapper\">\n\t\t\t\t\t\t\t\t\t<span class=\"elementor-button-text\">Adquira agora!<\/span>\n\t\t\t\t\t<\/span>\n\t\t\t\t\t<\/a>\n\t\t\t\t<\/div>\n\t\t\t\t\t\t\t\t<\/div>\n\t\t\t\t<\/div>\n\t\t\t\t\t<\/div>\n\t\t\t\t<\/div>\n\t\t<div class=\"elementor-element elementor-element-f93f9ab e-flex e-con-boxed e-con e-parent\" data-id=\"f93f9ab\" data-element_type=\"container\" data-e-type=\"container\">\n\t\t\t\t\t<div class=\"e-con-inner\">\n\t\t\t\t<div class=\"elementor-element elementor-element-5aead35 elementor-widget elementor-widget-heading\" data-id=\"5aead35\" data-element_type=\"widget\" data-e-type=\"widget\" data-widget_type=\"heading.default\">\n\t\t\t\t<div class=\"elementor-widget-container\">\n\t\t\t\t\t<h2 class=\"elementor-heading-title elementor-size-default\">Eu vivi a Resist\u00eancia Palestina<\/h2>\t\t\t\t<\/div>\n\t\t\t\t<\/div>\n\t\t\t\t\t<\/div>\n\t\t\t\t<\/div>\n\t\t<div class=\"elementor-element elementor-element-5be69e8 e-flex e-con-boxed e-con e-parent\" data-id=\"5be69e8\" data-element_type=\"container\" data-e-type=\"container\">\n\t\t\t\t\t<div class=\"e-con-inner\">\n\t\t\t\t<div class=\"elementor-element elementor-element-0c7cb6e elementor-widget__width-initial elementor-widget elementor-widget-image\" data-id=\"0c7cb6e\" data-element_type=\"widget\" data-e-type=\"widget\" data-widget_type=\"image.default\">\n\t\t\t\t<div class=\"elementor-widget-container\">\n\t\t\t\t\t\t\t\t\t\t\t\t\t\t\t\t<a href=\"https:\/\/loja.uiclap.com\/titulo\/ua137643\">\n\t\t\t\t\t\t\t<img decoding=\"async\" width=\"528\" height=\"788\" src=\"https:\/\/editoraarsregia.com\/wp-content\/uploads\/2026\/01\/eu-vivi.png\" class=\"attachment-large size-large wp-image-948\" alt=\"\" srcset=\"https:\/\/editoraarsregia.com\/wp-content\/uploads\/2026\/01\/eu-vivi.png 528w, https:\/\/editoraarsregia.com\/wp-content\/uploads\/2026\/01\/eu-vivi-201x300.png 201w, https:\/\/editoraarsregia.com\/wp-content\/uploads\/2026\/01\/eu-vivi-300x448.png 300w\" sizes=\"(max-width: 528px) 100vw, 528px\" \/>\t\t\t\t\t\t\t\t<\/a>\n\t\t\t\t\t\t\t\t\t\t\t\t\t\t\t<\/div>\n\t\t\t\t<\/div>\n\t\t\t\t<div class=\"elementor-element elementor-element-c5b6e24 elementor-widget elementor-widget-text-editor\" data-id=\"c5b6e24\" data-element_type=\"widget\" data-e-type=\"widget\" data-widget_type=\"text-editor.default\">\n\t\t\t\t<div class=\"elementor-widget-container\">\n\t\t\t\t\t\t\t\t\t<p>Autor(a):\u00a0<b>Roger Coudroy<\/b><br \/>Ilustrador(a):\u00a0<b>Guilherme Herrero<\/b><br \/>Tradutor(a):\u00a0<b>Raphael Machado<\/b><br \/>Coordenador(a):\u00a0<b>Raphael Machado<\/b><br \/>Revisor(a):\u00a0<b>Bernardo Frensel Lobo<\/b><\/p><p>Eu Vivi a Resist\u00eancia Palestina \u00e9 o di\u00e1rio ver\u00eddico de Roger Coudroy, um jovem nacionalista revolucion\u00e1rio belga que, nos anos 1960, deixou sua vida confort\u00e1vel para tr\u00e1s para se juntar \u00e0 luta do povo palestino. Movido por ideais anti-imperialistas e antissionistas, ele viaja ao Oriente M\u00e9dio em uma jornada f\u00edsica e ideol\u00f3gica, determinado a contribuir com a causa do Fatah.<\/p><p>A obra narra sua imers\u00e3o nos campos de treinamento, o cotidiano da resist\u00eancia e os profundos la\u00e7os que criou com combatentes e civis. Coudroy descreve n\u00e3o apenas a luta armada, mas as esperan\u00e7as, os debates internos e o peso moral de viver sob constante conflito. Seu relato \u00e9 um testemunho \u00edntimo da determina\u00e7\u00e3o palestina.<\/p><p>Mais do que um manifesto, \u00e9 uma reflex\u00e3o pessoal e por vezes conflituosa sobre o ativismo internacional, a solidariedade e o custo humano da ocupa\u00e7\u00e3o. O di\u00e1rio captura um momento crucial da hist\u00f3ria, visto atrav\u00e9s dos olhos de um estrangeiro que escolheu compartilhar um destino coletivo de resist\u00eancia\u2026 e que deixou sua vida no campo de batalha.<\/p>\t\t\t\t\t\t\t\t<\/div>\n\t\t\t\t<\/div>\n\t\t\t\t\t<\/div>\n\t\t\t\t<\/div>\n\t\t<div class=\"elementor-element elementor-element-8749729 e-flex e-con-boxed e-con e-parent\" data-id=\"8749729\" data-element_type=\"container\" data-e-type=\"container\">\n\t\t\t\t\t<div class=\"e-con-inner\">\n\t\t\t\t<div class=\"elementor-element elementor-element-4212722 elementor-button-success elementor-align-justify elementor-widget elementor-widget-button\" data-id=\"4212722\" data-element_type=\"widget\" data-e-type=\"widget\" data-widget_type=\"button.default\">\n\t\t\t\t<div class=\"elementor-widget-container\">\n\t\t\t\t\t\t\t\t\t<div class=\"elementor-button-wrapper\">\n\t\t\t\t\t<a class=\"elementor-button elementor-button-link elementor-size-sm\" href=\"https:\/\/loja.uiclap.com\/titulo\/ua137643\/\">\n\t\t\t\t\t\t<span class=\"elementor-button-content-wrapper\">\n\t\t\t\t\t\t\t\t\t<span class=\"elementor-button-text\">Adquira agora!<\/span>\n\t\t\t\t\t<\/span>\n\t\t\t\t\t<\/a>\n\t\t\t\t<\/div>\n\t\t\t\t\t\t\t\t<\/div>\n\t\t\t\t<\/div>\n\t\t<div class=\"elementor-element elementor-element-457a274 e-con-full e-flex e-con e-child\" data-id=\"457a274\" data-element_type=\"container\" data-e-type=\"container\">\n\t\t\t\t<div class=\"elementor-element elementor-element-d2f37bc elementor-widget elementor-widget-heading\" data-id=\"d2f37bc\" data-element_type=\"widget\" data-e-type=\"widget\" data-widget_type=\"heading.default\">\n\t\t\t\t<div class=\"elementor-widget-container\">\n\t\t\t\t\t<h2 class=\"elementor-heading-title elementor-size-default\">Geopol\u00edtica do Narcotr\u00e1fico na Am\u00e9rica Latina<\/h2>\t\t\t\t<\/div>\n\t\t\t\t<\/div>\n\t\t\t\t<\/div>\n\t\t\t\t\t<\/div>\n\t\t\t\t<\/div>\n\t\t<div class=\"elementor-element elementor-element-a9bfe1a e-flex e-con-boxed e-con e-parent\" data-id=\"a9bfe1a\" data-element_type=\"container\" data-e-type=\"container\">\n\t\t\t\t\t<div class=\"e-con-inner\">\n\t\t\t\t<div class=\"elementor-element elementor-element-5b015ec elementor-widget__width-initial elementor-widget elementor-widget-image\" data-id=\"5b015ec\" data-element_type=\"widget\" data-e-type=\"widget\" data-widget_type=\"image.default\">\n\t\t\t\t<div class=\"elementor-widget-container\">\n\t\t\t\t\t\t\t\t\t\t\t\t\t\t\t\t<a href=\"https:\/\/loja.uiclap.com\/titulo\/ua143586\">\n\t\t\t\t\t\t\t<img decoding=\"async\" width=\"529\" height=\"800\" src=\"https:\/\/editoraarsregia.com\/wp-content\/uploads\/2026\/02\/ua143586.jpg\" class=\"attachment-large size-large wp-image-965\" alt=\"\" srcset=\"https:\/\/editoraarsregia.com\/wp-content\/uploads\/2026\/02\/ua143586.jpg 529w, https:\/\/editoraarsregia.com\/wp-content\/uploads\/2026\/02\/ua143586-198x300.jpg 198w, https:\/\/editoraarsregia.com\/wp-content\/uploads\/2026\/02\/ua143586-300x454.jpg 300w\" sizes=\"(max-width: 529px) 100vw, 529px\" \/>\t\t\t\t\t\t\t\t<\/a>\n\t\t\t\t\t\t\t\t\t\t\t\t\t\t\t<\/div>\n\t\t\t\t<\/div>\n\t\t\t\t<div class=\"elementor-element elementor-element-a46846f elementor-widget elementor-widget-text-editor\" data-id=\"a46846f\" data-element_type=\"widget\" data-e-type=\"widget\" data-widget_type=\"text-editor.default\">\n\t\t\t\t<div class=\"elementor-widget-container\">\n\t\t\t\t\t\t\t\t\t<p>Autor(a): <b>Norberto Emmerich<\/b><br \/>Ilustrador(a): <b>Guilherme Herrero<\/b><br \/>Tradutor(a): <b>Raphael Machado<\/b><br \/>Coordenador(a): <b>Raphael Machado<\/b><br \/>Revisor(a): <b>Bernardo Frensel Lobo<\/b><\/p><p>Geopol\u00edtica do Narcotr\u00e1fico na Am\u00e9rica Latina, de Norberto Emmerich, analisa o narcotr\u00e1fico como um fen\u00f4meno geopol\u00edtico que transcende a vis\u00e3o mais \u00f3bvia da venda de drogas a varejo. O autor exp\u00f5e o car\u00e1ter eminentemente territorial e paraestatal das grandes organiza\u00e7\u00f5es criminosas do nosso continente, revelando ainda a natureza multifacetada e complexa do ciclo econ\u00f4mico completo do narcotr\u00e1fico. Leitura imprescind\u00edvel para entender a crise de seguran\u00e7a p\u00fablica na Am\u00e9rica Ib\u00e9rica.<\/p>\t\t\t\t\t\t\t\t<\/div>\n\t\t\t\t<\/div>\n\t\t\t\t\t<\/div>\n\t\t\t\t<\/div>\n\t\t<div class=\"elementor-element elementor-element-5b06c45 e-flex e-con-boxed e-con e-parent\" data-id=\"5b06c45\" data-element_type=\"container\" data-e-type=\"container\">\n\t\t\t\t\t<div class=\"e-con-inner\">\n\t\t\t\t<div class=\"elementor-element elementor-element-5ab2606 elementor-button-success elementor-align-justify elementor-widget elementor-widget-button\" data-id=\"5ab2606\" data-element_type=\"widget\" data-e-type=\"widget\" data-widget_type=\"button.default\">\n\t\t\t\t<div class=\"elementor-widget-container\">\n\t\t\t\t\t\t\t\t\t<div class=\"elementor-button-wrapper\">\n\t\t\t\t\t<a class=\"elementor-button elementor-button-link elementor-size-sm\" href=\"https:\/\/loja.uiclap.com\/titulo\/ua143586\/\">\n\t\t\t\t\t\t<span class=\"elementor-button-content-wrapper\">\n\t\t\t\t\t\t\t\t\t<span class=\"elementor-button-text\">Adquira agora!<\/span>\n\t\t\t\t\t<\/span>\n\t\t\t\t\t<\/a>\n\t\t\t\t<\/div>\n\t\t\t\t\t\t\t\t<\/div>\n\t\t\t\t<\/div>\n\t\t\t\t\t<\/div>\n\t\t\t\t<\/div>\n\t\t<div class=\"elementor-element elementor-element-cbcb9ed e-flex e-con-boxed e-con e-parent\" data-id=\"cbcb9ed\" data-element_type=\"container\" data-e-type=\"container\">\n\t\t\t\t\t<div class=\"e-con-inner\">\n\t\t\t\t<div class=\"elementor-element elementor-element-f3f31ac elementor-widget__width-initial elementor-widget elementor-widget-image\" data-id=\"f3f31ac\" data-element_type=\"widget\" data-e-type=\"widget\" data-widget_type=\"image.default\">\n\t\t\t\t<div class=\"elementor-widget-container\">\n\t\t\t\t\t\t\t\t\t\t\t\t\t\t\t\t<a href=\"https:\/\/loja.uiclap.com\/titulo\/ua137817\">\n\t\t\t\t\t\t\t<img loading=\"lazy\" decoding=\"async\" width=\"529\" height=\"800\" src=\"https:\/\/editoraarsregia.com\/wp-content\/uploads\/2026\/01\/ua137817.jpg\" class=\"attachment-large size-large wp-image-955\" alt=\"\" srcset=\"https:\/\/editoraarsregia.com\/wp-content\/uploads\/2026\/01\/ua137817.jpg 529w, https:\/\/editoraarsregia.com\/wp-content\/uploads\/2026\/01\/ua137817-198x300.jpg 198w, https:\/\/editoraarsregia.com\/wp-content\/uploads\/2026\/01\/ua137817-300x454.jpg 300w\" sizes=\"(max-width: 529px) 100vw, 529px\" \/>\t\t\t\t\t\t\t\t<\/a>\n\t\t\t\t\t\t\t\t\t\t\t\t\t\t\t<\/div>\n\t\t\t\t<\/div>\n\t\t\t\t<div class=\"elementor-element elementor-element-b5d1bd6 elementor-widget elementor-widget-text-editor\" data-id=\"b5d1bd6\" data-element_type=\"widget\" data-e-type=\"widget\" data-widget_type=\"text-editor.default\">\n\t\t\t\t<div class=\"elementor-widget-container\">\n\t\t\t\t\t\t\t\t\t<h1>Europa Imp\u00e9rio<\/h1><p>Autor(a): <b>Jean Thiriart<\/b><br \/>Ilustrador(a): <b>Guilherme Herrero<\/b><br \/>Tradutor(a): <b>Raphael Machado<\/b><br \/>Coordenador(a): <b>Raphael Machado<\/b><br \/>Revisor(a): <b>Bernardo Frensel Lobo<\/b><\/p><div class=\"description-inner\"><p>Em Europa Imp\u00e9rio, escrito no auge da Guerra Fria, o intelectual belga Jean Thiriart diagnostica a Europa como um territ\u00f3rio humilhado e subjugado por duas pot\u00eancias estrangeiras: os Estados Unidos e a Uni\u00e3o Sovi\u00e9tica. Para ele, o continente havia se tornado um mero campo de batalha e um protetorado cultural e estrat\u00e9gico.<\/p><p>A obra prop\u00f5e uma solu\u00e7\u00e3o radical: a unifica\u00e7\u00e3o total e imediata de todas as na\u00e7\u00f5es europeias, do Atl\u00e2ntico a Bucareste, em um \u00fanico Estado unit\u00e1rio e forte \u2013 um \u201cImp\u00e9rio Europeu\u201d. Esse novo poder soberano, neutro e autossuficiente, seria a \u00fanica forma de romper a bipolaridade e recuperar o destino pr\u00f3prio da civiliza\u00e7\u00e3o europeia.<\/p><p>Mais do que um tratado pol\u00edtico, \u201cEuropa Imp\u00e9rio\u201d \u00e9 um manifesto geopol\u00edtico vision\u00e1rio e provocador. Thiriart rejeita tanto o capitalismo estadunidense quanto o comunismo sovi\u00e9tico, defendendo um nacionalismo continental como terceira via para a liberta\u00e7\u00e3o e o ressurgimento da Europa como protagonista global.<\/p><\/div>\t\t\t\t\t\t\t\t<\/div>\n\t\t\t\t<\/div>\n\t\t\t\t\t<\/div>\n\t\t\t\t<\/div>\n\t\t<div class=\"elementor-element elementor-element-d7538e6 e-flex e-con-boxed e-con e-parent\" data-id=\"d7538e6\" data-element_type=\"container\" data-e-type=\"container\">\n\t\t\t\t\t<div class=\"e-con-inner\">\n\t\t\t\t<div class=\"elementor-element elementor-element-1f4408a elementor-widget__width-initial elementor-widget elementor-widget-image\" data-id=\"1f4408a\" data-element_type=\"widget\" data-e-type=\"widget\" data-widget_type=\"image.default\">\n\t\t\t\t<div class=\"elementor-widget-container\">\n\t\t\t\t\t\t\t\t\t\t\t\t\t\t\t\t<a href=\"https:\/\/loja.uiclap.com\/titulo\/ua149416\">\n\t\t\t\t\t\t\t<img loading=\"lazy\" decoding=\"async\" width=\"418\" height=\"629\" src=\"https:\/\/editoraarsregia.com\/wp-content\/uploads\/2026\/04\/Captura-de-tela-2026-04-13-121825.png\" class=\"attachment-large size-large wp-image-993\" alt=\"\" srcset=\"https:\/\/editoraarsregia.com\/wp-content\/uploads\/2026\/04\/Captura-de-tela-2026-04-13-121825.png 418w, https:\/\/editoraarsregia.com\/wp-content\/uploads\/2026\/04\/Captura-de-tela-2026-04-13-121825-199x300.png 199w, https:\/\/editoraarsregia.com\/wp-content\/uploads\/2026\/04\/Captura-de-tela-2026-04-13-121825-300x451.png 300w\" sizes=\"(max-width: 418px) 100vw, 418px\" \/>\t\t\t\t\t\t\t\t<\/a>\n\t\t\t\t\t\t\t\t\t\t\t\t\t\t\t<\/div>\n\t\t\t\t<\/div>\n\t\t\t\t<div class=\"elementor-element elementor-element-09386a7 elementor-widget elementor-widget-text-editor\" data-id=\"09386a7\" data-element_type=\"widget\" data-e-type=\"widget\" data-widget_type=\"text-editor.default\">\n\t\t\t\t<div class=\"elementor-widget-container\">\n\t\t\t\t\t\t\t\t\t<h1 class=\"title is-3 mt-5\" data-v-86603536=\"\">Apologia da Barb\u00e1rie<\/h1><p class=\"has-text-grey my-3\" data-v-e4c77044=\"\" data-v-86603536=\"\"><strong><span class=\"is-capitalized\" data-v-e4c77044=\"\">autor(a): <\/span><a class=\"link\" href=\"https:\/\/loja.uiclap.com\/pessoa\/Jos\u00e9 Luis Ontiveros\" data-v-e4c77044=\"\">Jos\u00e9 Luis Ontiveros<\/a><\/strong><\/p><p class=\"has-text-grey my-3\" data-v-e4c77044=\"\" data-v-86603536=\"\"><strong><span class=\"is-capitalized\" data-v-e4c77044=\"\">ilustrador(a): <\/span><a class=\"link\" href=\"https:\/\/loja.uiclap.com\/pessoa\/Guilherme Herrero\" data-v-e4c77044=\"\">Guilherme Herrero<\/a><\/strong><\/p><p class=\"has-text-grey my-3\" data-v-e4c77044=\"\" data-v-86603536=\"\"><strong><span class=\"is-capitalized\" data-v-e4c77044=\"\">revisor(a): <\/span><a class=\"link\" href=\"https:\/\/loja.uiclap.com\/pessoa\/Bernardo Frensel Lobo\" data-v-e4c77044=\"\">Bernardo Frensel Lobo<\/a><\/strong><\/p><p class=\"has-text-grey my-3\" data-v-e4c77044=\"\" data-v-86603536=\"\"><strong><span class=\"is-capitalized\" data-v-e4c77044=\"\">tradutor(a): <\/span><a class=\"link\" href=\"https:\/\/loja.uiclap.com\/pessoa\/Raphael Machado\" data-v-e4c77044=\"\">Raphael Machado<\/a><\/strong><\/p><p class=\"has-text-grey my-3\" data-v-e4c77044=\"\" data-v-86603536=\"\"><strong><span class=\"is-capitalized\" data-v-e4c77044=\"\">coordenador(a): <\/span><a class=\"link\" href=\"https:\/\/loja.uiclap.com\/pessoa\/Raphael Machado\" data-v-e4c77044=\"\">Raphael Machado<\/a><\/strong><\/p><p>Apologia da Barb\u00e1rie desafia o conformismo intelectual ao examinar o esp\u00edrito dissidente presente nas obras e trajet\u00f3rias de Ernst J\u00fcnger, Yukio Mishima e Ezra Pound. Nessa obra, Jos\u00e9 Luis Ontiveros prop\u00f5e uma cr\u00edtica radical \u00e0 modernidade, onde est\u00e9tica, pol\u00edtica e metaf\u00edsica se entrela\u00e7am como resposta \u00e0 decad\u00eancia contempor\u00e2nea.<\/p><p>Por meio de uma arqueologia filos\u00f3fica rigorosa, resgata-se uma \u00e9tica da a\u00e7\u00e3o, do hero\u00edsmo e da transcend\u00eancia, comum aos tr\u00eas autores. A recusa do materialismo nivelador e a defesa de uma vis\u00e3o tr\u00e1gica e aristocr\u00e1tica da exist\u00eancia fazem dessa obra uma chave para compreender a dissid\u00eancia intelectual do s\u00e9culo XX.<\/p>\t\t\t\t\t\t\t\t<\/div>\n\t\t\t\t<\/div>\n\t\t\t\t\t<\/div>\n\t\t\t\t<\/div>\n\t\t<div class=\"elementor-element elementor-element-f6f2e46 e-flex e-con-boxed e-con e-parent\" data-id=\"f6f2e46\" data-element_type=\"container\" data-e-type=\"container\">\n\t\t\t\t\t<div class=\"e-con-inner\">\n\t\t\t\t<div class=\"elementor-element elementor-element-7a3e2b6 elementor-button-success elementor-align-justify elementor-widget elementor-widget-button\" data-id=\"7a3e2b6\" data-element_type=\"widget\" data-e-type=\"widget\" data-widget_type=\"button.default\">\n\t\t\t\t<div class=\"elementor-widget-container\">\n\t\t\t\t\t\t\t\t\t<div class=\"elementor-button-wrapper\">\n\t\t\t\t\t<a class=\"elementor-button elementor-button-link elementor-size-sm\" href=\"https:\/\/loja.uiclap.com\/titulo\/ua149416\">\n\t\t\t\t\t\t<span class=\"elementor-button-content-wrapper\">\n\t\t\t\t\t\t\t\t\t<span class=\"elementor-button-text\">Adquira agora!<\/span>\n\t\t\t\t\t<\/span>\n\t\t\t\t\t<\/a>\n\t\t\t\t<\/div>\n\t\t\t\t\t\t\t\t<\/div>\n\t\t\t\t<\/div>\n\t\t\t\t\t<\/div>\n\t\t\t\t<\/div>\n\t\t\t\t<\/div>\n\t\t","protected":false},"excerpt":{"rendered":"<p>Ordo Pluriversalis Autor: Leonid SavinTradutor: Raphael Machado A partir do in\u00edcio dos anos 90, o mundo passou a viver sob a sombra vigilante da \u00fanica hiperpot\u00eancia mundial, os Estados Unidos da Am\u00e9rica. Era a PAX AMERICANA, que segundo os polit\u00f3logos neoconservadores inauguraria o Fim da Hist\u00f3ria. Mas os profetas da unipolaridade estavam errados. Ao longo [&hellip;]<\/p>\n","protected":false},"author":2,"featured_media":0,"parent":0,"menu_order":0,"comment_status":"closed","ping_status":"closed","template":"","meta":{"_monsterinsights_skip_tracking":false,"_monsterinsights_sitenote_active":false,"_monsterinsights_sitenote_note":"","_monsterinsights_sitenote_category":0,"_joinchat":[],"footnotes":""},"class_list":["post-763","page","type-page","status-publish","hentry"],"blocksy_meta":[],"aioseo_notices":[],"jetpack_sharing_enabled":true,"_links":{"self":[{"href":"https:\/\/editoraarsregia.com\/index.php?rest_route=\/wp\/v2\/pages\/763","targetHints":{"allow":["GET"]}}],"collection":[{"href":"https:\/\/editoraarsregia.com\/index.php?rest_route=\/wp\/v2\/pages"}],"about":[{"href":"https:\/\/editoraarsregia.com\/index.php?rest_route=\/wp\/v2\/types\/page"}],"author":[{"embeddable":true,"href":"https:\/\/editoraarsregia.com\/index.php?rest_route=\/wp\/v2\/users\/2"}],"replies":[{"embeddable":true,"href":"https:\/\/editoraarsregia.com\/index.php?rest_route=%2Fwp%2Fv2%2Fcomments&post=763"}],"version-history":[{"count":37,"href":"https:\/\/editoraarsregia.com\/index.php?rest_route=\/wp\/v2\/pages\/763\/revisions"}],"predecessor-version":[{"id":1001,"href":"https:\/\/editoraarsregia.com\/index.php?rest_route=\/wp\/v2\/pages\/763\/revisions\/1001"}],"wp:attachment":[{"href":"https:\/\/editoraarsregia.com\/index.php?rest_route=%2Fwp%2Fv2%2Fmedia&parent=763"}],"curies":[{"name":"wp","href":"https:\/\/api.w.org\/{rel}","templated":true}]}}